{"id":51,"date":"2012-03-12T16:58:06","date_gmt":"2012-03-12T16:58:06","guid":{"rendered":"http:\/\/miksam.com\/jussi\/?page_id=51"},"modified":"2024-01-02T21:13:33","modified_gmt":"2024-01-02T21:13:33","slug":"historia","status":"publish","type":"page","link":"https:\/\/kyminnikkarit.fi\/?page_id=51","title":{"rendered":"Historia"},"content":{"rendered":"<p style=\"text-align: left;\"><strong><em>Vaikka Kymin Nikkarin historia on viel\u00e4 nuori, niin harrastetoiminnalla on pitk\u00e4t perinteet. Kuusankoskella kuin monella muullakin paikkakunnalla on tehdas tarjonnut monenlaista harrastetoimintaa. Nyt niist\u00e4 on jouduttu luopumaan &#8211; toki muutos synnytti uutta.<\/em><\/strong><em><a href=\"https:\/\/kyminnikkarit.fi\/wp-content\/uploads\/2012\/03\/kutomoh.jpg\"><br \/>\n<\/a>Kuusankoskella on tehtaiden piiriss\u00e4 ollut pitk\u00e4t perinteet puuty\u00f6lle. <\/em><em>Entisin\u00e4 aikoina tehtaiden rakennusosastot ty\u00f6llistiv\u00e4t useita satoja rakennusmiehi\u00e4 ja er\u00e4s ammattikunta oli mallipuusep\u00e4t. Heid\u00e4n k\u00e4sien kautta on syntynyt tarvekalusteet niin konttoreihin kuin moniin yhti\u00f6n asuntoihin. Puuty\u00f6harrastusperinteet alkoivat Kymiyhti\u00f6ss\u00e4 jo 1948. Tuolloin ammattikoulun puuty\u00f6luokassa alettiin pit\u00e4\u00e4 askarteluiltoja. Samaan aikaan alkoivat askarteluillat my\u00f6s Voikkaalla. Kymin&nbsp;<\/em><\/p>\n<p><img loading=\"lazy\" decoding=\"async\" class=\"alignright wp-image-2066\" src=\"https:\/\/kyminnikkarit.fi\/wp-content\/uploads\/2012\/03\/kutomoh.jpg\" alt=\"kutomoh\" width=\"277\" height=\"439\" srcset=\"https:\/\/kyminnikkarit.fi\/wp-content\/uploads\/2012\/03\/kutomoh.jpg 568w, https:\/\/kyminnikkarit.fi\/wp-content\/uploads\/2012\/03\/kutomoh-190x300.jpg 190w\" sizes=\"auto, (max-width: 277px) 85vw, 277px\" \/><\/p>\n<p style=\"text-align: left;\"><em>ammattikoululta toiminta siirtyi 1957 Kymin puolen vanhalle yhteiskoululle Marskinkadulle. <\/em><em>Ennen Virtakive\u00e4 Voikkaan&nbsp;puuty\u00f6paja toimi Yrj\u00f6nojan koululla 1965 syksyst\u00e4 l\u00e4htien. <\/em><em>Kutomotoimintaa on ollut yhti\u00f6n piiriss\u00e4 jo 1930 luvulta l\u00e4htien. Aluksi kurssimuotoisena ja 50-luvun alusta kutomot toimivat Toimelassa Kuusankoskella ja Yrj\u00f6nojalla Voikkaalla. Vuonna 1984 toiminta siirtyi Voikkaan virkamiestalolle. Toimelassa py\u00f6ri n<\/em><em>aiskerhot Akanat, Ykk\u00f6set, Kakkoset, Vilhelmiinat. N\u00e4m\u00e4 lienee peruja ammattikoulun kotitalousluokilta ja jonkinlaista &#8221; martta &#8221; toimintaa tehtaan piiriss\u00e4.<\/em><\/p>\n<figure id=\"attachment_2131\" aria-describedby=\"caption-attachment-2131\" style=\"width: 301px\" class=\"wp-caption alignleft\"><a href=\"https:\/\/kyminnikkarit.fi\/wp-content\/uploads\/2012\/03\/Salo.jpg\"><img loading=\"lazy\" decoding=\"async\" class=\" wp-image-2131\" src=\"https:\/\/kyminnikkarit.fi\/wp-content\/uploads\/2012\/03\/Salo-300x173.jpg\" alt=\"Mallipuusepp\u00e4 Pauli Salo oli Kymin Nikkarin ohjaajia.\" width=\"301\" height=\"174\" srcset=\"https:\/\/kyminnikkarit.fi\/wp-content\/uploads\/2012\/03\/Salo-300x173.jpg 300w, https:\/\/kyminnikkarit.fi\/wp-content\/uploads\/2012\/03\/Salo-768x444.jpg 768w, https:\/\/kyminnikkarit.fi\/wp-content\/uploads\/2012\/03\/Salo-1024x591.jpg 1024w, https:\/\/kyminnikkarit.fi\/wp-content\/uploads\/2012\/03\/Salo.jpg 1200w\" sizes=\"auto, (max-width: 301px) 85vw, 301px\" \/><\/a><figcaption id=\"caption-attachment-2131\" class=\"wp-caption-text\">Mallipuusepp\u00e4 Pauli Salo oli Kymin Nikkarin ohjaajia.<\/figcaption><\/figure>\n<p><em>Puuty\u00f6pajalla toimi yhti\u00f6n palkkaamat ohjaajat. El\u00e4kel\u00e4isille oli viikossa kaksi ilmaista p\u00e4iv\u00e4vuoroa. Iltavuorot oli kaikille ma<\/em><em>ksulliset. Vuoron hinta oli noin markan tunnilta 70-luvun lopulla ja maksu perittiin tilist\u00e4. Kerhoihin piti ennakkoilmoittautua ja vuorot jaettiin <\/em><em>tasaisesti viikon eri p\u00e4iville. 70- 80 luvun p\u00e4iv\u00e4kirjojen perustella k\u00e4vij\u00f6it\u00e4 oli p\u00e4ivitt\u00e4in noin 15. <\/em><\/p>\n<p><em>60-luvulla yleisempi\u00e4 tuotteita oli puutarhakalusteet, lumikolat ja 70-luvulla tehtiin paljon pirtinp\u00f6yti\u00e4, laveris\u00e4nkyj\u00e4. Ovia ja ikkunoita on tehty aina. N\u00e4m\u00e4 on ollut sellaisia perusjuttuja omakoti- ja m\u00f6kkirakentajille. Raaka-aineet tuli p\u00e4\u00e4osin Hallan sahalta.&nbsp;<\/em><em>Saksanaholla oli Kymin oma puuvarasto ja kuivaamo, josta puutavara tuli kerhoille. Askartelijoilla oli kiinnostusta my\u00f6s Ven\u00e4j\u00e4n lautaan.&nbsp;<\/em><em>T\u00e4t\u00e4 Ven\u00e4j\u00e4n lautaa tuli Kymille jonkin verran selluntekoon ja ne oli varastoitu Saksanaholle haketusta varten. Laudat oli leveit\u00e4, hitaasti kasvaneita punahonkia, joten ei ihme ett\u00e4 ne oli kysyttyj\u00e4. Hallan loputtua, raaka-aineet haettiin &#8221; risusta ja tikusta &#8221; .<\/em><\/p>\n<div id='gallery-1' class='gallery galleryid-51 gallery-columns-3 gallery-size-medium'><figure class='gallery-item'>\n\t\t\t<div class='gallery-icon landscape'>\n\t\t\t\t<a href='https:\/\/kyminnikkarit.fi\/?attachment_id=2139'><img loading=\"lazy\" decoding=\"async\" width=\"300\" height=\"221\" src=\"https:\/\/kyminnikkarit.fi\/wp-content\/uploads\/2012\/03\/esa-300x221.jpg\" class=\"attachment-medium size-medium\" alt=\"\" aria-describedby=\"gallery-1-2139\" srcset=\"https:\/\/kyminnikkarit.fi\/wp-content\/uploads\/2012\/03\/esa-300x221.jpg 300w, https:\/\/kyminnikkarit.fi\/wp-content\/uploads\/2012\/03\/esa-768x565.jpg 768w, https:\/\/kyminnikkarit.fi\/wp-content\/uploads\/2012\/03\/esa.jpg 1000w\" sizes=\"auto, (max-width: 300px) 85vw, 300px\" \/><\/a>\n\t\t\t<\/div>\n\t\t\t\t<figcaption class='wp-caption-text gallery-caption' id='gallery-1-2139'>\n\t\t\t\tKarmeista harmia&#8230; Koivulan Esalle\n\t\t\t\t<\/figcaption><\/figure><figure class='gallery-item'>\n\t\t\t<div class='gallery-icon landscape'>\n\t\t\t\t<a href='https:\/\/kyminnikkarit.fi\/?attachment_id=2140'><img loading=\"lazy\" decoding=\"async\" width=\"300\" height=\"258\" src=\"https:\/\/kyminnikkarit.fi\/wp-content\/uploads\/2012\/03\/jorkko-300x258.jpg\" class=\"attachment-medium size-medium\" alt=\"\" aria-describedby=\"gallery-1-2140\" srcset=\"https:\/\/kyminnikkarit.fi\/wp-content\/uploads\/2012\/03\/jorkko-300x258.jpg 300w, https:\/\/kyminnikkarit.fi\/wp-content\/uploads\/2012\/03\/jorkko-768x661.jpg 768w, https:\/\/kyminnikkarit.fi\/wp-content\/uploads\/2012\/03\/jorkko.jpg 775w\" sizes=\"auto, (max-width: 300px) 85vw, 300px\" \/><\/a>\n\t\t\t<\/div>\n\t\t\t\t<figcaption class='wp-caption-text gallery-caption' id='gallery-1-2140'>\n\t\t\t\tSipil\u00e4n Jorkolle Linstedin Niilolta oppia\n\t\t\t\t<\/figcaption><\/figure><figure class='gallery-item'>\n\t\t\t<div class='gallery-icon portrait'>\n\t\t\t\t<a href='https:\/\/kyminnikkarit.fi\/?attachment_id=2141'><img loading=\"lazy\" decoding=\"async\" width=\"218\" height=\"300\" src=\"https:\/\/kyminnikkarit.fi\/wp-content\/uploads\/2012\/03\/ovi-218x300.jpg\" class=\"attachment-medium size-medium\" alt=\"\" aria-describedby=\"gallery-1-2141\" srcset=\"https:\/\/kyminnikkarit.fi\/wp-content\/uploads\/2012\/03\/ovi-218x300.jpg 218w, https:\/\/kyminnikkarit.fi\/wp-content\/uploads\/2012\/03\/ovi.jpg 626w\" sizes=\"auto, (max-width: 218px) 85vw, 218px\" \/><\/a>\n\t\t\t<\/div>\n\t\t\t\t<figcaption class='wp-caption-text gallery-caption' id='gallery-1-2141'>\n\t\t\t\tItse tehdyt ovet on aina OK\n\t\t\t\t<\/figcaption><\/figure><figure class='gallery-item'>\n\t\t\t<div class='gallery-icon landscape'>\n\t\t\t\t<a href='https:\/\/kyminnikkarit.fi\/?attachment_id=2142'><img loading=\"lazy\" decoding=\"async\" width=\"300\" height=\"179\" src=\"https:\/\/kyminnikkarit.fi\/wp-content\/uploads\/2012\/03\/paja-300x179.jpg\" class=\"attachment-medium size-medium\" alt=\"\" aria-describedby=\"gallery-1-2142\" srcset=\"https:\/\/kyminnikkarit.fi\/wp-content\/uploads\/2012\/03\/paja-300x179.jpg 300w, https:\/\/kyminnikkarit.fi\/wp-content\/uploads\/2012\/03\/paja-768x458.jpg 768w, https:\/\/kyminnikkarit.fi\/wp-content\/uploads\/2012\/03\/paja-1024x610.jpg 1024w, https:\/\/kyminnikkarit.fi\/wp-content\/uploads\/2012\/03\/paja.jpg 1082w\" sizes=\"auto, (max-width: 300px) 85vw, 300px\" \/><\/a>\n\t\t\t<\/div>\n\t\t\t\t<figcaption class='wp-caption-text gallery-caption' id='gallery-1-2142'>\n\t\t\t\tMarskinkadun Nikkarissa oli puulattia ja ahtaat, mutta toimivat tilat\n\t\t\t\t<\/figcaption><\/figure><figure class='gallery-item'>\n\t\t\t<div class='gallery-icon portrait'>\n\t\t\t\t<a href='https:\/\/kyminnikkarit.fi\/?attachment_id=2143'><img loading=\"lazy\" decoding=\"async\" width=\"205\" height=\"300\" src=\"https:\/\/kyminnikkarit.fi\/wp-content\/uploads\/2012\/03\/pena-205x300.jpg\" class=\"attachment-medium size-medium\" alt=\"\" aria-describedby=\"gallery-1-2143\" srcset=\"https:\/\/kyminnikkarit.fi\/wp-content\/uploads\/2012\/03\/pena-205x300.jpg 205w, https:\/\/kyminnikkarit.fi\/wp-content\/uploads\/2012\/03\/pena.jpg 616w\" sizes=\"auto, (max-width: 205px) 85vw, 205px\" \/><\/a>\n\t\t\t<\/div>\n\t\t\t\t<figcaption class='wp-caption-text gallery-caption' id='gallery-1-2143'>\n\t\t\t\tH\u00f6ijerin Pena mittailee kaapin listoja\n\t\t\t\t<\/figcaption><\/figure><figure class='gallery-item'>\n\t\t\t<div class='gallery-icon landscape'>\n\t\t\t\t<a href='https:\/\/kyminnikkarit.fi\/?attachment_id=2144'><img loading=\"lazy\" decoding=\"async\" width=\"300\" height=\"280\" src=\"https:\/\/kyminnikkarit.fi\/wp-content\/uploads\/2012\/03\/saha-300x280.jpg\" class=\"attachment-medium size-medium\" alt=\"\" aria-describedby=\"gallery-1-2144\" srcset=\"https:\/\/kyminnikkarit.fi\/wp-content\/uploads\/2012\/03\/saha-300x280.jpg 300w, https:\/\/kyminnikkarit.fi\/wp-content\/uploads\/2012\/03\/saha.jpg 718w\" sizes=\"auto, (max-width: 300px) 85vw, 300px\" \/><\/a>\n\t\t\t<\/div>\n\t\t\t\t<figcaption class='wp-caption-text gallery-caption' id='gallery-1-2144'>\n\t\t\t\tVannesaha on perusty\u00f6kalu ja edelleen  k\u00e4yt\u00f6ss\u00e4\n\t\t\t\t<\/figcaption><\/figure>\n\t\t<\/div>\n\n<p>&nbsp;<\/p>\n<p><em><a href=\"https:\/\/kyminnikkarit.fi\/wp-content\/uploads\/2012\/03\/na\u0308yttely.jpg\"><img loading=\"lazy\" decoding=\"async\" class=\"alignleft size-medium wp-image-2128\" src=\"https:\/\/kyminnikkarit.fi\/wp-content\/uploads\/2012\/03\/na\u0308yttely-212x300.jpg\" alt=\"na\u0308yttely\" width=\"212\" height=\"300\" srcset=\"https:\/\/kyminnikkarit.fi\/wp-content\/uploads\/2012\/03\/na\u0308yttely-212x300.jpg 212w, https:\/\/kyminnikkarit.fi\/wp-content\/uploads\/2012\/03\/na\u0308yttely-768x1086.jpg 768w, https:\/\/kyminnikkarit.fi\/wp-content\/uploads\/2012\/03\/na\u0308yttely-724x1024.jpg 724w, https:\/\/kyminnikkarit.fi\/wp-content\/uploads\/2012\/03\/na\u0308yttely.jpg 901w\" sizes=\"auto, (max-width: 212px) 85vw, 212px\" \/><\/a>Lasikuidun yleistyminen her\u00e4tti kiinnostusta oman laminointipajan saamisesta harraste<\/em><em>toiminnan piiriin. Markinkadulla Heikkil\u00e4n talossa aloitti syksyll\u00e4 1978 laminointipaja. Yhti\u00f6 hankki laminoinnissa&nbsp;<\/em><em>tarvittavan hartsin ja muotteja oli niin moottoriveneen, soutuveneen&nbsp;kuin kajakin muotit. Pajaa k\u00e4ytti alkuvaiheessa noin 40 yhti\u00f6l\u00e4ist\u00e4. Voikkaalle toivottiin omaa pajaa, mutta tiloja ei l\u00f6ytynyt.<\/em><\/p>\n<p><em>Vuonna 1981 oli harrastetoiminnan n\u00e4yttely Voikkaan Seuratalolla.&nbsp;&nbsp; N\u00e4yttelyss\u00e4 annettiin tietoa yhti\u00f6n piiriss\u00e4 toimivista harrastekerhoista. Yhti\u00f6n harrastetoimintaan osallistu viime vuonna 1159 Kymiyhti\u00f6n palveluksessa olevaa tai heid\u00e4n perheenj\u00e4sent\u00e4\u00e4n. Kutomoa k\u00e4ytti 450 yhti\u00f6l\u00e4ist\u00e4 ja puuty\u00f6pajalla oli l\u00e4hes 600 askartelijaa, kertoi n\u00e4yttelytiedote.<\/em><\/p>\n<figure id=\"attachment_2134\" aria-describedby=\"caption-attachment-2134\" style=\"width: 427px\" class=\"wp-caption alignleft\"><a href=\"https:\/\/kyminnikkarit.fi\/wp-content\/uploads\/2012\/03\/manne.jpg\"><img loading=\"lazy\" decoding=\"async\" class=\" wp-image-2134\" src=\"https:\/\/kyminnikkarit.fi\/wp-content\/uploads\/2012\/03\/manne-300x279.jpg\" alt=\"Manne opasti huumorilla h\u00f6ystettyn\u00e4. Muistan kun kysyin neuvoa Mannelta, niin vastaus oli; Tee miten teet, vit\u2026 se menee kuitenkin\u2026. toki palasi hieman my\u00f6hemmin ja antoi hyv\u00e4t neuvot. \" width=\"427\" height=\"397\" srcset=\"https:\/\/kyminnikkarit.fi\/wp-content\/uploads\/2012\/03\/manne-300x279.jpg 300w, https:\/\/kyminnikkarit.fi\/wp-content\/uploads\/2012\/03\/manne-768x713.jpg 768w, https:\/\/kyminnikkarit.fi\/wp-content\/uploads\/2012\/03\/manne-1024x951.jpg 1024w, https:\/\/kyminnikkarit.fi\/wp-content\/uploads\/2012\/03\/manne-1200x1114.jpg 1200w, https:\/\/kyminnikkarit.fi\/wp-content\/uploads\/2012\/03\/manne.jpg 1500w\" sizes=\"auto, (max-width: 427px) 85vw, 427px\" \/><\/a><figcaption id=\"caption-attachment-2134\" class=\"wp-caption-text\">Manne opasti huumorilla h\u00f6ystettyn\u00e4. Muistan kun kysyin neuvoa Mannelta, niin vastaus oli; Tee miten teet, vit\u2026 se menee kuitenkin\u2026. toki palasi hieman my\u00f6hemmin ja antoi hyv\u00e4t neuvot.<\/figcaption><\/figure>\n<p>&nbsp;<\/p>\n<figure id=\"attachment_2136\" aria-describedby=\"caption-attachment-2136\" style=\"width: 256px\" class=\"wp-caption alignleft\"><a href=\"https:\/\/kyminnikkarit.fi\/wp-content\/uploads\/2012\/03\/Pasanen.jpg\"><img loading=\"lazy\" decoding=\"async\" class=\"wp-image-2136\" src=\"https:\/\/kyminnikkarit.fi\/wp-content\/uploads\/2012\/03\/Pasanen-216x300.jpg\" alt=\"Marskinkadun Nikkarivestaalla tarjottiin viimeisen\u00e4 toimintap\u00e4iv\u00e4n\u00e4 17.5.2002 kakkukahvit. Ohjaajina oli Pentti Pasanen ja Pentti Fagerlund\" width=\"256\" height=\"356\" srcset=\"https:\/\/kyminnikkarit.fi\/wp-content\/uploads\/2012\/03\/Pasanen-216x300.jpg 216w, https:\/\/kyminnikkarit.fi\/wp-content\/uploads\/2012\/03\/Pasanen-768x1064.jpg 768w, https:\/\/kyminnikkarit.fi\/wp-content\/uploads\/2012\/03\/Pasanen-739x1024.jpg 739w, https:\/\/kyminnikkarit.fi\/wp-content\/uploads\/2012\/03\/Pasanen.jpg 1200w\" sizes=\"auto, (max-width: 256px) 85vw, 256px\" \/><\/a><figcaption id=\"caption-attachment-2136\" class=\"wp-caption-text\">Marskinkadun Nikkarivestaalla tarjottiin viimeisen\u00e4 toimintap\u00e4iv\u00e4n\u00e4 17.5.2002 kakkukahvit. Ohjaajina oli Pentti Pasanen (kuvassa) ja Pentti Fagerlund<\/figcaption><\/figure>\n<p>&nbsp;<\/p>\n<p>&nbsp;<\/p>\n<p><em>&nbsp;<\/em><\/p>\n<p>&nbsp;<\/p>\n<p>&nbsp;<\/p>\n<p>&nbsp;<\/p>\n<p>&nbsp;<\/p>\n<p>&nbsp;<\/p>\n<p>&nbsp;<\/p>\n<p>&nbsp;<\/p>\n<p><em>Vuonna 1998 <\/em><em>nousi esille Marskinkadun tilojen kunto ja mahdollinen rakennuksen purkaminen. Esille nousi Kymin vanhan puusep\u00e4nverstaan tilojen k\u00e4ytt\u00f6. V\u00e4hentyneet k\u00e4ytt\u00e4j\u00e4m\u00e4\u00e4r\u00e4t ja keskitt\u00e4minen yhteen paikkaan s\u00e4\u00e4st\u00e4isi kustannuksia johti siihen, ett\u00e4 toiminta yhdistyi Voikkaan Virtakiven nikkariverstaan kanssa. <\/em><em>Toiminta loppui Marskinkadun tiloissa 2002 kev\u00e4\u00e4ll\u00e4 .<\/em><\/p>\n<p><em>Virtakiven paja toimi kuten aiemmin, p\u00e4ivisin oli el\u00e4kel\u00e4isvuorot ja iltavuorot ty\u00f6ss\u00e4k\u00e4yville. Kuusankosken ty\u00f6v\u00e4enopisto k\u00e4ytti Voikkaan tiloja puuty\u00f6harrastukseen parina p\u00e4iv\u00e4n\u00e4 viikossa.<\/em><\/p>\n<p><em>Vuonna 2005 alkanut mets\u00e4teollisuuden rakennemuutos aiheutti karsintaa ja kaikista ylim\u00e4\u00e4r\u00e4isist\u00e4 harraste- ja sosiaalitoiminasta haluttiin eroon sek\u00e4 Voikkaan tehtaan alasajo vaikutti siihen, ett\u00e4&nbsp;Nikkari toiminta loppui yhti\u00f6n toimesta 2007 kev\u00e4\u00e4ll\u00e4.<\/em><\/p>\n<p>&nbsp;<\/p>\n<p><em>&nbsp;<\/em><strong><em>Oma yhdistys<\/em><\/strong><\/p>\n<p><em>Kymin Nikkarit ry perustettiin 12.2.2009 Voikkaalla. Voikkariin, entisen mestarikerhon tiloihin oli saapunut yli nelj\u00e4kymment\u00e4 asiasta kiinnostunutta. Harrastajien aktiivisuus ja Kymin Osakeyhti\u00f6n 100-vuotiss\u00e4\u00e4ti\u00f6n positiivinen suhtautuminen varmisti oman yhdistyksen perustamisen. V\u00e4litt\u00f6m\u00e4sti aloitettiin keskustelut UPM Kymin kanssa asianmukaisen tilan l\u00f6yt\u00e4miseksi. Sopiva 240 neli\u00f6n tila l\u00f6ytyi Patosillantie 1:st\u00e4 ns. Tallinmontusta ja joulukuun alussa p\u00e4\u00e4stiin kunnostust\u00f6ihin.<\/em><\/p>\n<figure id=\"attachment_2166\" aria-describedby=\"caption-attachment-2166\" style=\"width: 382px\" class=\"wp-caption alignleft\"><a href=\"https:\/\/kyminnikkarit.fi\/wp-content\/uploads\/2012\/03\/rakennus2-1.jpg\"><img loading=\"lazy\" decoding=\"async\" class=\"wp-image-2166\" src=\"https:\/\/kyminnikkarit.fi\/wp-content\/uploads\/2012\/03\/rakennus2-1-300x154.jpg\" alt=\"SONY DSC\" width=\"382\" height=\"196\" srcset=\"https:\/\/kyminnikkarit.fi\/wp-content\/uploads\/2012\/03\/rakennus2-1-300x154.jpg 300w, https:\/\/kyminnikkarit.fi\/wp-content\/uploads\/2012\/03\/rakennus2-1.jpg 640w\" sizes=\"auto, (max-width: 382px) 85vw, 382px\" \/><\/a><figcaption id=\"caption-attachment-2166\" class=\"wp-caption-text\">Tallinmonttu on rakennettu 1928<\/figcaption><\/figure>\n<p><em>Rakennushan on vanha &nbsp;Kymin hevostalli ja on toiminut my\u00f6hemmin tallina my\u00f6s yhti\u00f6n autoille ja puutarha-osaston tukikohtana. Nykyisin tiloissa on Nikkarin lis\u00e4ksi Kymin kerho ja Kuusankosken riistamiehet, jotka kaikki ovat yhti\u00f6n vanhoja kerhoja. Lis\u00e4ksi tiloissa on muutamia muita vuokralaisia. Tallinmontun alue on ollut asuinaluetta ja sill\u00e4 on oma <a href=\"http:\/\/koskenrantaksnk.omasivu.fi\/\">perinnekerho.&nbsp;<\/a><\/em><\/p>\n<p><em>Tilojen remontti suunniteltiin yhdess\u00e4 Kymin kanssa. Vaikka ty\u00f6t oli osaltaan melko vaativia, niin toteuttamisessa ei ollut ongelmia. Nikkarilla oli k\u00e4ytett\u00e4viss\u00e4 omaa osaamista laajalti, sill\u00e4 olihan suurin osa oli alansa ammattilaisia ja pitk\u00e4 kokemus jo tehtaan ajoilta. Mittavimmat ty\u00f6t oli s\u00e4hk\u00f6istys, puruj\u00e4rjestelm\u00e4 ja kone asennukset. Ulkopuolisella teetettiin vain lattian pinnoitus. Talkootunteja kertyi l\u00e4hes 3000 ja talkoolaisia oli noin 40&nbsp;&nbsp;ja kustannusarvio oli noin 30000 euroa<\/em><\/p>\n<div id='gallery-2' class='gallery galleryid-51 gallery-columns-3 gallery-size-medium'><figure class='gallery-item'>\n\t\t\t<div class='gallery-icon landscape'>\n\t\t\t\t<a href='https:\/\/kyminnikkarit.fi\/?attachment_id=2147'><img loading=\"lazy\" decoding=\"async\" width=\"300\" height=\"264\" src=\"https:\/\/kyminnikkarit.fi\/wp-content\/uploads\/2012\/03\/talkoot1-300x264.jpg\" class=\"attachment-medium size-medium\" alt=\"\" aria-describedby=\"gallery-2-2147\" srcset=\"https:\/\/kyminnikkarit.fi\/wp-content\/uploads\/2012\/03\/talkoot1-300x264.jpg 300w, https:\/\/kyminnikkarit.fi\/wp-content\/uploads\/2012\/03\/talkoot1.jpg 628w\" sizes=\"auto, (max-width: 300px) 85vw, 300px\" \/><\/a>\n\t\t\t<\/div>\n\t\t\t\t<figcaption class='wp-caption-text gallery-caption' id='gallery-2-2147'>\n\t\t\t\tPajan kunnostus vaati hyv\u00e4n suunnittelun ja organisoinnin. \n\t\t\t\t<\/figcaption><\/figure><figure class='gallery-item'>\n\t\t\t<div class='gallery-icon landscape'>\n\t\t\t\t<a href='https:\/\/kyminnikkarit.fi\/?attachment_id=2149'><img loading=\"lazy\" decoding=\"async\" width=\"300\" height=\"210\" src=\"https:\/\/kyminnikkarit.fi\/wp-content\/uploads\/2012\/03\/Talkoot3-300x210.jpg\" class=\"attachment-medium size-medium\" alt=\"\" aria-describedby=\"gallery-2-2149\" srcset=\"https:\/\/kyminnikkarit.fi\/wp-content\/uploads\/2012\/03\/Talkoot3-300x210.jpg 300w, https:\/\/kyminnikkarit.fi\/wp-content\/uploads\/2012\/03\/Talkoot3.jpg 690w\" sizes=\"auto, (max-width: 300px) 85vw, 300px\" \/><\/a>\n\t\t\t<\/div>\n\t\t\t\t<figcaption class='wp-caption-text gallery-caption' id='gallery-2-2149'>\n\t\t\t\tOnneksi meill\u00e4 oli hyv\u00e4  ja aktiivinen talkoo porukka.\n\t\t\t\t<\/figcaption><\/figure><figure class='gallery-item'>\n\t\t\t<div class='gallery-icon landscape'>\n\t\t\t\t<a href='https:\/\/kyminnikkarit.fi\/?attachment_id=2148'><img loading=\"lazy\" decoding=\"async\" width=\"300\" height=\"242\" src=\"https:\/\/kyminnikkarit.fi\/wp-content\/uploads\/2012\/03\/Talkoot2-300x242.jpg\" class=\"attachment-medium size-medium\" alt=\"\" aria-describedby=\"gallery-2-2148\" srcset=\"https:\/\/kyminnikkarit.fi\/wp-content\/uploads\/2012\/03\/Talkoot2-300x242.jpg 300w, https:\/\/kyminnikkarit.fi\/wp-content\/uploads\/2012\/03\/Talkoot2.jpg 673w\" sizes=\"auto, (max-width: 300px) 85vw, 300px\" \/><\/a>\n\t\t\t<\/div>\n\t\t\t\t<figcaption class='wp-caption-text gallery-caption' id='gallery-2-2148'>\n\t\t\t\tKoneiden perustus tehtiin huolella\n\t\t\t\t<\/figcaption><\/figure><figure class='gallery-item'>\n\t\t\t<div class='gallery-icon landscape'>\n\t\t\t\t<a href='https:\/\/kyminnikkarit.fi\/?attachment_id=2150'><img loading=\"lazy\" decoding=\"async\" width=\"300\" height=\"240\" src=\"https:\/\/kyminnikkarit.fi\/wp-content\/uploads\/2012\/03\/Talkoot4-300x240.jpg\" class=\"attachment-medium size-medium\" alt=\"\" aria-describedby=\"gallery-2-2150\" srcset=\"https:\/\/kyminnikkarit.fi\/wp-content\/uploads\/2012\/03\/Talkoot4-300x240.jpg 300w, https:\/\/kyminnikkarit.fi\/wp-content\/uploads\/2012\/03\/Talkoot4.jpg 720w\" sizes=\"auto, (max-width: 300px) 85vw, 300px\" \/><\/a>\n\t\t\t<\/div>\n\t\t\t\t<figcaption class='wp-caption-text gallery-caption' id='gallery-2-2150'>\n\t\t\t\tLattiaa kunnostettiin kauttaltaan.\n\t\t\t\t<\/figcaption><\/figure><figure class='gallery-item'>\n\t\t\t<div class='gallery-icon landscape'>\n\t\t\t\t<a href='https:\/\/kyminnikkarit.fi\/?attachment_id=2152'><img loading=\"lazy\" decoding=\"async\" width=\"300\" height=\"253\" src=\"https:\/\/kyminnikkarit.fi\/wp-content\/uploads\/2012\/03\/Talkoot6-300x253.jpg\" class=\"attachment-medium size-medium\" alt=\"\" aria-describedby=\"gallery-2-2152\" srcset=\"https:\/\/kyminnikkarit.fi\/wp-content\/uploads\/2012\/03\/Talkoot6-300x253.jpg 300w, https:\/\/kyminnikkarit.fi\/wp-content\/uploads\/2012\/03\/Talkoot6.jpg 653w\" sizes=\"auto, (max-width: 300px) 85vw, 300px\" \/><\/a>\n\t\t\t<\/div>\n\t\t\t\t<figcaption class='wp-caption-text gallery-caption' id='gallery-2-2152'>\n\t\t\t\tTalkoo kahvit oli aina paikallaan&#8230;.\n\t\t\t\t<\/figcaption><\/figure><figure class='gallery-item'>\n\t\t\t<div class='gallery-icon landscape'>\n\t\t\t\t<a href='https:\/\/kyminnikkarit.fi\/?attachment_id=2153'><img loading=\"lazy\" decoding=\"async\" width=\"300\" height=\"240\" src=\"https:\/\/kyminnikkarit.fi\/wp-content\/uploads\/2012\/03\/Talkoot7-300x240.jpg\" class=\"attachment-medium size-medium\" alt=\"\" aria-describedby=\"gallery-2-2153\" srcset=\"https:\/\/kyminnikkarit.fi\/wp-content\/uploads\/2012\/03\/Talkoot7-300x240.jpg 300w, https:\/\/kyminnikkarit.fi\/wp-content\/uploads\/2012\/03\/Talkoot7.jpg 720w\" sizes=\"auto, (max-width: 300px) 85vw, 300px\" \/><\/a>\n\t\t\t<\/div>\n\t\t\t\t<figcaption class='wp-caption-text gallery-caption' id='gallery-2-2153'>\n\t\t\t\tMaalaus oli iso urakka\n\t\t\t\t<\/figcaption><\/figure><figure class='gallery-item'>\n\t\t\t<div class='gallery-icon landscape'>\n\t\t\t\t<a href='https:\/\/kyminnikkarit.fi\/?attachment_id=2155'><img loading=\"lazy\" decoding=\"async\" width=\"300\" height=\"229\" src=\"https:\/\/kyminnikkarit.fi\/wp-content\/uploads\/2012\/03\/Talkoot9-300x229.jpg\" class=\"attachment-medium size-medium\" alt=\"\" aria-describedby=\"gallery-2-2155\" srcset=\"https:\/\/kyminnikkarit.fi\/wp-content\/uploads\/2012\/03\/Talkoot9-300x229.jpg 300w, https:\/\/kyminnikkarit.fi\/wp-content\/uploads\/2012\/03\/Talkoot9.jpg 695w\" sizes=\"auto, (max-width: 300px) 85vw, 300px\" \/><\/a>\n\t\t\t<\/div>\n\t\t\t\t<figcaption class='wp-caption-text gallery-caption' id='gallery-2-2155'>\n\t\t\t\tLoppusilaus maalipintaan tehtiin Junnolan Nikon avustuksella\n\t\t\t\t<\/figcaption><\/figure><figure class='gallery-item'>\n\t\t\t<div class='gallery-icon landscape'>\n\t\t\t\t<a href='https:\/\/kyminnikkarit.fi\/?attachment_id=2151'><img loading=\"lazy\" decoding=\"async\" width=\"300\" height=\"244\" src=\"https:\/\/kyminnikkarit.fi\/wp-content\/uploads\/2012\/03\/Talkoot5-300x244.jpg\" class=\"attachment-medium size-medium\" alt=\"\" aria-describedby=\"gallery-2-2151\" srcset=\"https:\/\/kyminnikkarit.fi\/wp-content\/uploads\/2012\/03\/Talkoot5-300x244.jpg 300w, https:\/\/kyminnikkarit.fi\/wp-content\/uploads\/2012\/03\/Talkoot5.jpg 670w\" sizes=\"auto, (max-width: 300px) 85vw, 300px\" \/><\/a>\n\t\t\t<\/div>\n\t\t\t\t<figcaption class='wp-caption-text gallery-caption' id='gallery-2-2151'>\n\t\t\t\tLopullisen  pinna lattialle teki Pinnoitus Voutilainen &#8211; lopputulos todella hyv\u00e4\n\t\t\t\t<\/figcaption><\/figure><figure class='gallery-item'>\n\t\t\t<div class='gallery-icon landscape'>\n\t\t\t\t<a href='https:\/\/kyminnikkarit.fi\/?attachment_id=2154'><img loading=\"lazy\" decoding=\"async\" width=\"300\" height=\"199\" src=\"https:\/\/kyminnikkarit.fi\/wp-content\/uploads\/2012\/03\/Talkoot8-300x199.jpg\" class=\"attachment-medium size-medium\" alt=\"\" aria-describedby=\"gallery-2-2154\" srcset=\"https:\/\/kyminnikkarit.fi\/wp-content\/uploads\/2012\/03\/Talkoot8-300x199.jpg 300w, https:\/\/kyminnikkarit.fi\/wp-content\/uploads\/2012\/03\/Talkoot8.jpg 708w\" sizes=\"auto, (max-width: 300px) 85vw, 300px\" \/><\/a>\n\t\t\t<\/div>\n\t\t\t\t<figcaption class='wp-caption-text gallery-caption' id='gallery-2-2154'>\n\t\t\t\tS\u00e4hk\u00f6ty\u00f6t oli  noin kolmannes kustannuksista ja Mattila Laurin  k\u00e4sialaa\n\t\t\t\t<\/figcaption><\/figure><figure class='gallery-item'>\n\t\t\t<div class='gallery-icon landscape'>\n\t\t\t\t<a href='https:\/\/kyminnikkarit.fi\/?attachment_id=2156'><img loading=\"lazy\" decoding=\"async\" width=\"300\" height=\"240\" src=\"https:\/\/kyminnikkarit.fi\/wp-content\/uploads\/2012\/03\/Talkoot10-300x240.jpg\" class=\"attachment-medium size-medium\" alt=\"\" aria-describedby=\"gallery-2-2156\" srcset=\"https:\/\/kyminnikkarit.fi\/wp-content\/uploads\/2012\/03\/Talkoot10-300x240.jpg 300w, https:\/\/kyminnikkarit.fi\/wp-content\/uploads\/2012\/03\/Talkoot10.jpg 720w\" sizes=\"auto, (max-width: 300px) 85vw, 300px\" \/><\/a>\n\t\t\t<\/div>\n\t\t\t\t<figcaption class='wp-caption-text gallery-caption' id='gallery-2-2156'>\n\t\t\t\tKoneiden siirto ja valinta ei ollut aivan simppeli juttu\n\t\t\t\t<\/figcaption><\/figure><figure class='gallery-item'>\n\t\t\t<div class='gallery-icon landscape'>\n\t\t\t\t<a href='https:\/\/kyminnikkarit.fi\/?attachment_id=2157'><img loading=\"lazy\" decoding=\"async\" width=\"300\" height=\"240\" src=\"https:\/\/kyminnikkarit.fi\/wp-content\/uploads\/2012\/03\/Talkoot11-300x240.jpg\" class=\"attachment-medium size-medium\" alt=\"\" aria-describedby=\"gallery-2-2157\" srcset=\"https:\/\/kyminnikkarit.fi\/wp-content\/uploads\/2012\/03\/Talkoot11-300x240.jpg 300w, https:\/\/kyminnikkarit.fi\/wp-content\/uploads\/2012\/03\/Talkoot11.jpg 720w\" sizes=\"auto, (max-width: 300px) 85vw, 300px\" \/><\/a>\n\t\t\t<\/div>\n\t\t\t\t<figcaption class='wp-caption-text gallery-caption' id='gallery-2-2157'>\n\t\t\t\tPuruputkiston teko oli er\u00e4s vaativimmista projekteista \n\t\t\t\t<\/figcaption><\/figure><figure class='gallery-item'>\n\t\t\t<div class='gallery-icon landscape'>\n\t\t\t\t<a href='https:\/\/kyminnikkarit.fi\/?attachment_id=2158'><img loading=\"lazy\" decoding=\"async\" width=\"300\" height=\"240\" src=\"https:\/\/kyminnikkarit.fi\/wp-content\/uploads\/2012\/03\/Talkoot12-300x240.jpg\" class=\"attachment-medium size-medium\" alt=\"\" aria-describedby=\"gallery-2-2158\" srcset=\"https:\/\/kyminnikkarit.fi\/wp-content\/uploads\/2012\/03\/Talkoot12-300x240.jpg 300w, https:\/\/kyminnikkarit.fi\/wp-content\/uploads\/2012\/03\/Talkoot12.jpg 720w\" sizes=\"auto, (max-width: 300px) 85vw, 300px\" \/><\/a>\n\t\t\t<\/div>\n\t\t\t\t<figcaption class='wp-caption-text gallery-caption' id='gallery-2-2158'>\n\t\t\t\tja koneasennuksissa meill\u00e4 oli ammattilaisia.\n\t\t\t\t<\/figcaption><\/figure>\n\t\t<\/div>\n\n<p><em>Puuty\u00f6pajan avajaisia vietettiin 22.2.2010. Puuty\u00f6pajan tilat on 240 neli\u00f6t\u00e4. H\u00f6yl\u00e4penkkej\u00e4 l\u00f6ytyy 9 kpl. Isot peruskoneet on Kymin aikaisia vanhoja tukevia valurautakoneita. Koneille on tehty Nikkarin toimesta huolto ja kunnostusty\u00f6t, joten koneet on hyv\u00e4ss\u00e4 kunnossa. Pajalle on vuosien saatossa hankittu aina jotain uutta puuty\u00f6st\u00f6koneita tarpeen mukaan.<\/em><\/p>\n<figure id=\"attachment_176\" aria-describedby=\"caption-attachment-176\" style=\"width: 198px\" class=\"wp-caption alignleft\"><a href=\"https:\/\/kyminnikkarit.fi\/wp-content\/uploads\/2012\/03\/DSC08106.jpg\"><img loading=\"lazy\" decoding=\"async\" class=\"wp-image-176\" src=\"https:\/\/kyminnikkarit.fi\/wp-content\/uploads\/2012\/03\/DSC08106-150x150.jpg\" alt=\"SONY DSC\" width=\"198\" height=\"198\"\/><\/a><figcaption id=\"caption-attachment-176\" class=\"wp-caption-text\">Puuty\u00f6pajan tilat on 240 neli\u00f6\u00e4<\/figcaption><\/figure>\n<figure id=\"attachment_2164\" aria-describedby=\"caption-attachment-2164\" style=\"width: 199px\" class=\"wp-caption alignleft\"><a href=\"https:\/\/kyminnikkarit.fi\/wp-content\/uploads\/2012\/03\/avaj1.jpg\"><img loading=\"lazy\" decoding=\"async\" class=\"wp-image-2164 \" src=\"https:\/\/kyminnikkarit.fi\/wp-content\/uploads\/2012\/03\/avaj1-150x150.jpg\" alt=\"avaj1\" width=\"199\" height=\"199\"\/><\/a><figcaption id=\"caption-attachment-2164\" class=\"wp-caption-text\">Avajaisissa esitettiin Heikkil\u00e4n Paulin kuvaama video rakennusprojektista.<\/figcaption><\/figure>\n<figure id=\"attachment_2165\" aria-describedby=\"caption-attachment-2165\" style=\"width: 240px\" class=\"wp-caption alignleft\"><a href=\"https:\/\/kyminnikkarit.fi\/wp-content\/uploads\/2012\/03\/avaj2.jpg\"><img loading=\"lazy\" decoding=\"async\" class=\"wp-image-2165\" src=\"https:\/\/kyminnikkarit.fi\/wp-content\/uploads\/2012\/03\/avaj2-300x244.jpg\" alt=\"avaj2\" width=\"240\" height=\"196\" srcset=\"https:\/\/kyminnikkarit.fi\/wp-content\/uploads\/2012\/03\/avaj2-300x244.jpg 300w, https:\/\/kyminnikkarit.fi\/wp-content\/uploads\/2012\/03\/avaj2-768x623.jpg 768w, https:\/\/kyminnikkarit.fi\/wp-content\/uploads\/2012\/03\/avaj2-1024x831.jpg 1024w, https:\/\/kyminnikkarit.fi\/wp-content\/uploads\/2012\/03\/avaj2.jpg 1200w\" sizes=\"auto, (max-width: 240px) 85vw, 240px\" \/><\/a><figcaption id=\"caption-attachment-2165\" class=\"wp-caption-text\">Avajaisissa vieraili noin 50 vierasta<\/figcaption><\/figure>\n<p>&nbsp;<\/p>\n<p>&nbsp;<\/p>\n<p>&nbsp;<\/p>\n<p>&nbsp;<\/p>\n<p>&nbsp;<\/p>\n<p>&nbsp;<\/p>\n<p><em><strong>Kymin Osakeyhti\u00f6n 100-vuotiss\u00e4\u00e4ti\u00f6 on tukenut yhdistyksen toimintaa sen alusta alkaen.<\/strong><\/em><\/p>\n<figure id=\"attachment_641\" aria-describedby=\"caption-attachment-641\" style=\"width: 185px\" class=\"wp-caption alignright\"><a href=\"https:\/\/kyminnikkarit.fi\/wp-content\/uploads\/2013\/12\/kuva-66-pika.jpg\"><img loading=\"lazy\" decoding=\"async\" class=\"wp-image-641 \" src=\"https:\/\/kyminnikkarit.fi\/wp-content\/uploads\/2013\/12\/kuva-66-pika-210x300.jpg\" alt=\"Tykkim\u00e4en Sirkuskoulu toi Joulujuhlaan n\u00e4ytt\u00e4v\u00e4n esityksen. ( Kuva Johannes Wiehn )\" width=\"185\" height=\"264\" srcset=\"https:\/\/kyminnikkarit.fi\/wp-content\/uploads\/2013\/12\/kuva-66-pika-210x300.jpg 210w, https:\/\/kyminnikkarit.fi\/wp-content\/uploads\/2013\/12\/kuva-66-pika-717x1024.jpg 717w, https:\/\/kyminnikkarit.fi\/wp-content\/uploads\/2013\/12\/kuva-66-pika.jpg 2008w\" sizes=\"auto, (max-width: 185px) 85vw, 185px\" \/><\/a><figcaption id=\"caption-attachment-641\" class=\"wp-caption-text\">Joulujuhlien ohjelmassa on korostettu paikallisuutta.<\/figcaption><\/figure>\n<p>&nbsp;<\/p>\n<p>&nbsp;<\/p>\n<p>&nbsp;<\/p>\n<p>&nbsp;<\/p>\n<p><em>Vuosittainen tuki on suunnattu p\u00e4\u00e4osin kulttuuritoimintaan sek\u00e4 yksitt\u00e4isiin tapahtumiin ja kursseihin. Vuodesta 2014 alkaen Nikkarit on j\u00e4rjest\u00e4nyt yhti\u00f6n el\u00e4kel\u00e4isille joulujuhlat Kuusankoskitalolla sek\u00e4 syksyisen tapahtumalippujen jakelun yhti\u00f6l\u00e4isille.&nbsp; <\/em><em>Kymin Nikkareissa ollaan hyvin kiitollisia siit\u00e4, ett\u00e4 olemme pystyneet tekem\u00e4\u00e4n hyv\u00e4\u00e4 yhteisty\u00f6t\u00e4 Kymin 100-vuotiss\u00e4\u00e4ti\u00f6n kanssa. Toiminnan p\u00e4\u00e4paino on toiminta-alueen j\u00e4senist\u00f6ss\u00e4, mutta olemme pystyneet t\u00e4ytt\u00e4m\u00e4\u00e4n my\u00f6s yleishy\u00f6dyllisen n\u00e4k\u00f6kulman. Yhteisty\u00f6ll\u00e4 on saavutettu hyv\u00e4\u00e4 ja aktiivista yhdistystoimintaa j\u00e4senten ja s\u00e4\u00e4ti\u00f6n toimintapiiriss\u00e4 olevien eduksi.<\/em><\/p>\n<figure id=\"attachment_642\" aria-describedby=\"caption-attachment-642\" style=\"width: 283px\" class=\"wp-caption alignleft\"><a href=\"https:\/\/kyminnikkarit.fi\/wp-content\/uploads\/2013\/12\/kuva-158.jpg\"><img loading=\"lazy\" decoding=\"async\" class=\"wp-image-642 \" src=\"https:\/\/kyminnikkarit.fi\/wp-content\/uploads\/2013\/12\/kuva-158-300x214.jpg\" alt=\"Kymin Osakeyhti\u00f6n 100-vuotiss\u00e4\u00e4ti\u00f6n tuella j\u00e4rjestettyy Joulujuhlaan osallistu reilut 300 vierasta. Monille tapaaminen vanhojen tuttujen kanssa oli mieluinen tapahtuma ( Kuva Johannes Wiehn )\" width=\"283\" height=\"202\" srcset=\"https:\/\/kyminnikkarit.fi\/wp-content\/uploads\/2013\/12\/kuva-158-300x214.jpg 300w, https:\/\/kyminnikkarit.fi\/wp-content\/uploads\/2013\/12\/kuva-158-1024x732.jpg 1024w\" sizes=\"auto, (max-width: 283px) 85vw, 283px\" \/><\/a><figcaption id=\"caption-attachment-642\" class=\"wp-caption-text\">Monille tapaaminen vanhojen tuttujen kanssa oli mieluinen tapahtuma.<\/figcaption><\/figure>\n<figure id=\"attachment_2233\" aria-describedby=\"caption-attachment-2233\" style=\"width: 268px\" class=\"wp-caption alignright\"><a href=\"https:\/\/kyminnikkarit.fi\/wp-content\/uploads\/2012\/03\/saatio3.jpg\"><img loading=\"lazy\" decoding=\"async\" class=\"wp-image-2233\" src=\"https:\/\/kyminnikkarit.fi\/wp-content\/uploads\/2012\/03\/saatio3-300x219.jpg\" alt=\"saatio3\" width=\"268\" height=\"196\" srcset=\"https:\/\/kyminnikkarit.fi\/wp-content\/uploads\/2012\/03\/saatio3-300x219.jpg 300w, https:\/\/kyminnikkarit.fi\/wp-content\/uploads\/2012\/03\/saatio3-768x560.jpg 768w, https:\/\/kyminnikkarit.fi\/wp-content\/uploads\/2012\/03\/saatio3-1024x747.jpg 1024w, https:\/\/kyminnikkarit.fi\/wp-content\/uploads\/2012\/03\/saatio3.jpg 1200w\" sizes=\"auto, (max-width: 268px) 85vw, 268px\" \/><\/a><figcaption id=\"caption-attachment-2233\" class=\"wp-caption-text\">Joulujuhla on odotettu tapahtuma<\/figcaption><\/figure>\n<p>&nbsp;<\/p>\n<p>&nbsp;<\/p>\n<p>&nbsp;<\/p>\n<p>&nbsp;<\/p>\n<p>&nbsp;<\/p>\n<p>&nbsp;<\/p>\n<p><strong><em>Nikkarin toiminta jakautuu puuty\u00f6t, kudonta, tilkkuty\u00f6t ja kulttuuri<\/em><\/strong><\/p>\n<p><em><a href=\"https:\/\/kyminnikkarit.fi\/wp-content\/uploads\/2012\/03\/turv.jpg\"><img loading=\"lazy\" decoding=\"async\" class=\"alignleft wp-image-2088\" src=\"https:\/\/kyminnikkarit.fi\/wp-content\/uploads\/2012\/03\/turv-218x300.jpg\" alt=\"turv\" width=\"232\" height=\"319\" srcset=\"https:\/\/kyminnikkarit.fi\/wp-content\/uploads\/2012\/03\/turv-218x300.jpg 218w, https:\/\/kyminnikkarit.fi\/wp-content\/uploads\/2012\/03\/turv-768x1055.jpg 768w, https:\/\/kyminnikkarit.fi\/wp-content\/uploads\/2012\/03\/turv-745x1024.jpg 745w, https:\/\/kyminnikkarit.fi\/wp-content\/uploads\/2012\/03\/turv.jpg 800w\" sizes=\"auto, (max-width: 232px) 85vw, 232px\" \/><\/a><\/em><\/p>\n<p><em>Puuty\u00f6pajalla askartelijat perehdytet\u00e4\u00e4n koneisiin ja toimintatapoihin ennen askartelun aloittamista. &nbsp;Turvallisuuteen ja siisteyteen on kiinnitetty erityist\u00e4 huomiota alusta alkaen. &nbsp;Puupaja on avoinna maanantaista torstaihin ja paikka on aina ohjaaja. Ohjaajat huolehtivat koneiden kunnosta ja avustaa askartelijaa tarvittaessa. Puuty\u00f6pajaa k\u00e4ytt\u00e4\u00e4 noin 25 prosenttia j\u00e4senist\u00f6st\u00e4 ja aktiivisia k\u00e4ytt\u00e4ji\u00e4 on reilut&nbsp;50. P\u00e4ivitt\u00e4in on keskim\u00e4\u00e4rin noin 10 k\u00e4ytt\u00e4j\u00e4\u00e4. Harrastus on osalle sosiaalinen tapahtuma, jossa voi tavata vanhoja ty\u00f6tovereita ja jutella kahvikupin \u00e4\u00e4ress\u00e4. Osalle paja on paikka &#8221; Tee Se Itse &#8211; miehelle &#8221;.Heti ensimm\u00e4isen\u00e4 toimintavuonna j\u00e4rjestimme kursseja ja yhteist\u00e4 toimintaa. Nikkareissa ei talkootoiminta ole kuollut.<\/em><\/p>\n<div id='gallery-3' class='gallery galleryid-51 gallery-columns-3 gallery-size-medium'><figure class='gallery-item'>\n\t\t\t<div class='gallery-icon landscape'>\n\t\t\t\t<a href='https:\/\/kyminnikkarit.fi\/?attachment_id=2196'><img loading=\"lazy\" decoding=\"async\" width=\"300\" height=\"247\" src=\"https:\/\/kyminnikkarit.fi\/wp-content\/uploads\/2016\/08\/puut1-300x247.jpg\" class=\"attachment-medium size-medium\" alt=\"\" aria-describedby=\"gallery-3-2196\" srcset=\"https:\/\/kyminnikkarit.fi\/wp-content\/uploads\/2016\/08\/puut1-300x247.jpg 300w, https:\/\/kyminnikkarit.fi\/wp-content\/uploads\/2016\/08\/puut1-768x633.jpg 768w, https:\/\/kyminnikkarit.fi\/wp-content\/uploads\/2016\/08\/puut1-1024x844.jpg 1024w, https:\/\/kyminnikkarit.fi\/wp-content\/uploads\/2016\/08\/puut1.jpg 1200w\" sizes=\"auto, (max-width: 300px) 85vw, 300px\" \/><\/a>\n\t\t\t<\/div>\n\t\t\t\t<figcaption class='wp-caption-text gallery-caption' id='gallery-3-2196'>\n\t\t\t\tKursseja on ollut joka syksy.  Huomattavaa on ollut, ett\u00e4 usein vet\u00e4j\u00e4t on l\u00f6ytynyt omasta piirist\u00e4. \n\t\t\t\t<\/figcaption><\/figure>\n\t\t<\/div>\n\n<p><em><a href=\"https:\/\/kyminnikkarit.fi\/wp-content\/uploads\/2016\/08\/kutomo1.jpg\"><img loading=\"lazy\" decoding=\"async\" class=\"alignleft size-medium wp-image-2195\" src=\"https:\/\/kyminnikkarit.fi\/wp-content\/uploads\/2016\/08\/kutomo1-300x205.jpg\" alt=\"kutomo1\" width=\"300\" height=\"205\" srcset=\"https:\/\/kyminnikkarit.fi\/wp-content\/uploads\/2016\/08\/kutomo1-300x205.jpg 300w, https:\/\/kyminnikkarit.fi\/wp-content\/uploads\/2016\/08\/kutomo1-768x524.jpg 768w, https:\/\/kyminnikkarit.fi\/wp-content\/uploads\/2016\/08\/kutomo1-1024x699.jpg 1024w, https:\/\/kyminnikkarit.fi\/wp-content\/uploads\/2016\/08\/kutomo1-1200x819.jpg 1200w, https:\/\/kyminnikkarit.fi\/wp-content\/uploads\/2016\/08\/kutomo1.jpg 1500w\" sizes=\"auto, (max-width: 300px) 85vw, 300px\" \/><\/a>Vuonna 2010 toiminta laajenee kutomoon, jolla on my\u00f6s pitk\u00e4t perinteet yhti\u00f6l\u00e4isten piiriss\u00e4. <\/em><em>Alkuvaiheessa oli k\u00e4yt\u00f6ss\u00e4 vain osa tiloista, mutta 2012 tilojen lis\u00e4\u00e4ntyess\u00e4 on kangaspuiden m\u00e4\u00e4r\u00e4 kasvanut yhdeks\u00e4\u00e4n. Kangaspuiden leveydet riitt\u00e4\u00e4 aina 2,50 metriin ja loimia tehd\u00e4\u00e4n aina kutojien toiveiden mukaan. Nikkarit on saanut lahjoituksena useita hyv\u00e4kuntoisia puita ja niit\u00e4 on otettu k\u00e4ytt\u00f6\u00f6n sit\u00e4 mukaan kun tarvetta on ollut.<\/em><\/p>\n<p><em><img loading=\"lazy\" decoding=\"async\" class=\"alignright wp-image-2202 \" src=\"https:\/\/kyminnikkarit.fi\/wp-content\/uploads\/2016\/08\/tilkku1-239x300.jpg\" alt=\"tilkku1\" width=\"251\" height=\"315\" srcset=\"https:\/\/kyminnikkarit.fi\/wp-content\/uploads\/2016\/08\/tilkku1-239x300.jpg 239w, https:\/\/kyminnikkarit.fi\/wp-content\/uploads\/2016\/08\/tilkku1-768x964.jpg 768w, https:\/\/kyminnikkarit.fi\/wp-content\/uploads\/2016\/08\/tilkku1-816x1024.jpg 816w, https:\/\/kyminnikkarit.fi\/wp-content\/uploads\/2016\/08\/tilkku1.jpg 1200w\" sizes=\"auto, (max-width: 251px) 85vw, 251px\" \/><\/em><\/p>\n<p><em>Syksyst\u00e4 2013 toimintaan liittyy tilkkuty\u00f6ryhm\u00e4. Kuusankosken &nbsp;<\/em><em>ty\u00f6v\u00e4enopiston my\u00f6t\u00e4 oli syntynyt tiivis k\u00e4sity\u00f6harrastajien ryhm\u00e4&nbsp;&nbsp;&nbsp;&nbsp;&nbsp;&nbsp;&nbsp;&nbsp;&nbsp;&nbsp;&nbsp;&nbsp;&nbsp;&nbsp;&nbsp; <\/em><em>\u201d Tilkkumarjat \u201d. Tilkkutoiminta sopii oikein hyvin yhdistyksen toiminta-ajatukseen. Tilkkuryhm\u00e4 j\u00e4rjest\u00e4\u00e4 kursseja laajasti erilaisten askartelujen parissa.<\/em><\/p>\n<p><em>Hyv\u00e4ll\u00e4 syyll\u00e4 voinee todeta, ett\u00e4 Nikkarissa on monipuoliset mahdollisuudet k\u00e4dentaitojen harrastamiseen.<\/em><\/p>\n<p>&nbsp;<\/p>\n<p><strong><em>Kulttuurin rooli on ollut merkitt\u00e4v\u00e4 yhdistyksen toiminnassa.<\/em><\/strong><\/p>\n<figure id=\"attachment_2191\" aria-describedby=\"caption-attachment-2191\" style=\"width: 307px\" class=\"wp-caption alignleft\"><a href=\"https:\/\/kyminnikkarit.fi\/wp-content\/uploads\/2016\/08\/kulttuuri3.jpg\"><img loading=\"lazy\" decoding=\"async\" class=\"wp-image-2191\" src=\"https:\/\/kyminnikkarit.fi\/wp-content\/uploads\/2016\/08\/kulttuuri3-300x176.jpg\" alt=\"kulttuuri3\" width=\"307\" height=\"180\" srcset=\"https:\/\/kyminnikkarit.fi\/wp-content\/uploads\/2016\/08\/kulttuuri3-300x176.jpg 300w, https:\/\/kyminnikkarit.fi\/wp-content\/uploads\/2016\/08\/kulttuuri3-768x450.jpg 768w, https:\/\/kyminnikkarit.fi\/wp-content\/uploads\/2016\/08\/kulttuuri3-1024x600.jpg 1024w, https:\/\/kyminnikkarit.fi\/wp-content\/uploads\/2016\/08\/kulttuuri3.jpg 1200w\" sizes=\"auto, (max-width: 307px) 85vw, 307px\" \/><\/a><figcaption id=\"caption-attachment-2191\" class=\"wp-caption-text\"><em>Retket on p\u00e4iv\u00e4n pyr\u00e4hdyksi\u00e4 tai l\u00e4hes viikon matkoja. Rukan viidenp\u00e4iv\u00e4n reissu sis\u00e4lsi niin ohjattua kuin omatoimista liikuntaa.<\/em><\/figcaption><\/figure>\n<p><em>Erilaiset retket ja tapahtumat ovat aina kysyttyj\u00e4. Onneksi yhdistyksess\u00e4 on aktiivista v\u00e4ke\u00e4 toteuttamaan t\u00e4t\u00e4 toimintaa. Tapahtumat on ollut sosiaalista yhdess\u00e4 oloa sek\u00e4 vaivaton tapa p\u00e4\u00e4st\u00e4 nauttimaan j\u00e4rjestetyist\u00e4 retkist\u00e4. Toiminta on sis\u00e4lt\u00e4nyt teatteria, vapaa-ajan- ja virkistysretki\u00e4 sek\u00e4 messut ja tapahtumat ovat kuuluneet my\u00f6s ohjelmaan. Tapahtuma kalenteria on suunniteltu vuosittain siten, ett\u00e4 ohjelmatarjonta on monipuolinen ja palvelisi j\u00e4senist\u00f6\u00e4 mahdollisimman laajasti. Vuosittain tapahtumia on noin viisi ja tapahtumiin osallistuu vuosittain yli 200 henkil\u00f6\u00e4. Kulttuuritoiminta tarjoaa tapahtumia useasti my\u00f6s laajemmalle piirille<\/em><\/p>\n<figure id=\"attachment_2188\" aria-describedby=\"caption-attachment-2188\" style=\"width: 246px\" class=\"wp-caption alignleft\"><a href=\"https:\/\/kyminnikkarit.fi\/wp-content\/uploads\/2012\/03\/kulttuuri1.jpg\"><img loading=\"lazy\" decoding=\"async\" class=\"wp-image-2188\" src=\"https:\/\/kyminnikkarit.fi\/wp-content\/uploads\/2012\/03\/kulttuuri1-300x212.jpg\" alt=\"kulttuuri1\" width=\"246\" height=\"174\" srcset=\"https:\/\/kyminnikkarit.fi\/wp-content\/uploads\/2012\/03\/kulttuuri1-300x212.jpg 300w, https:\/\/kyminnikkarit.fi\/wp-content\/uploads\/2012\/03\/kulttuuri1-768x542.jpg 768w, https:\/\/kyminnikkarit.fi\/wp-content\/uploads\/2012\/03\/kulttuuri1-1024x723.jpg 1024w, https:\/\/kyminnikkarit.fi\/wp-content\/uploads\/2012\/03\/kulttuuri1.jpg 1200w\" sizes=\"auto, (max-width: 246px) 85vw, 246px\" \/><\/a><figcaption id=\"caption-attachment-2188\" class=\"wp-caption-text\">Ohjattu ulkoilu ja liikunta on aina osa virkistyretki\u00e4. T\u00e4ss\u00e4 tutustutaan geok\u00e4tk\u00f6jen saloihin Pajulahdessa.<\/figcaption><\/figure>\n<figure id=\"attachment_2194\" aria-describedby=\"caption-attachment-2194\" style=\"width: 251px\" class=\"wp-caption alignleft\"><a href=\"https:\/\/kyminnikkarit.fi\/wp-content\/uploads\/2016\/08\/kulttuuri6.jpg\"><img loading=\"lazy\" decoding=\"async\" class=\"wp-image-2194\" src=\"https:\/\/kyminnikkarit.fi\/wp-content\/uploads\/2016\/08\/kulttuuri6-300x191.jpg\" alt=\"kulttuuri6\" width=\"251\" height=\"160\" srcset=\"https:\/\/kyminnikkarit.fi\/wp-content\/uploads\/2016\/08\/kulttuuri6-300x191.jpg 300w, https:\/\/kyminnikkarit.fi\/wp-content\/uploads\/2016\/08\/kulttuuri6-768x489.jpg 768w, https:\/\/kyminnikkarit.fi\/wp-content\/uploads\/2016\/08\/kulttuuri6-1024x652.jpg 1024w, https:\/\/kyminnikkarit.fi\/wp-content\/uploads\/2016\/08\/kulttuuri6.jpg 1200w\" sizes=\"auto, (max-width: 251px) 85vw, 251px\" \/><\/a><figcaption id=\"caption-attachment-2194\" class=\"wp-caption-text\">Kohteisiin on tutustuttu aina oppaan johdolla. Ryhm\u00e4ll\u00e4 kohteena nyt Fiskarsin ruukki.<\/figcaption><\/figure>\n<figure id=\"attachment_2192\" aria-describedby=\"caption-attachment-2192\" style=\"width: 222px\" class=\"wp-caption alignleft\"><a href=\"https:\/\/kyminnikkarit.fi\/wp-content\/uploads\/2016\/08\/kulttuuri4.jpg\"><img loading=\"lazy\" decoding=\"async\" class=\"wp-image-2192\" src=\"https:\/\/kyminnikkarit.fi\/wp-content\/uploads\/2016\/08\/kulttuuri4-300x225.jpg\" alt=\"kulttuuri4\" width=\"222\" height=\"166\" srcset=\"https:\/\/kyminnikkarit.fi\/wp-content\/uploads\/2016\/08\/kulttuuri4-300x225.jpg 300w, https:\/\/kyminnikkarit.fi\/wp-content\/uploads\/2016\/08\/kulttuuri4-768x576.jpg 768w, https:\/\/kyminnikkarit.fi\/wp-content\/uploads\/2016\/08\/kulttuuri4-1024x768.jpg 1024w, https:\/\/kyminnikkarit.fi\/wp-content\/uploads\/2016\/08\/kulttuuri4.jpg 1200w\" sizes=\"auto, (max-width: 222px) 85vw, 222px\" \/><\/a><figcaption id=\"caption-attachment-2192\" class=\"wp-caption-text\">Jumppa tuokio Vierum\u00e4ell\u00e4.<\/figcaption><\/figure>\n<p>&nbsp;<\/p>\n<p><em>&nbsp;<\/em><\/p>\n<p>&nbsp;<\/p>\n<p>&nbsp;<\/p>\n<figure id=\"attachment_2190\" aria-describedby=\"caption-attachment-2190\" style=\"width: 291px\" class=\"wp-caption alignnone\"><a href=\"https:\/\/kyminnikkarit.fi\/wp-content\/uploads\/2016\/08\/kulttuuri2.jpg\"><img loading=\"lazy\" decoding=\"async\" class=\"wp-image-2190\" src=\"https:\/\/kyminnikkarit.fi\/wp-content\/uploads\/2016\/08\/kulttuuri2-300x168.jpg\" alt=\"kulttuuri2\" width=\"291\" height=\"163\" srcset=\"https:\/\/kyminnikkarit.fi\/wp-content\/uploads\/2016\/08\/kulttuuri2-300x168.jpg 300w, https:\/\/kyminnikkarit.fi\/wp-content\/uploads\/2016\/08\/kulttuuri2-768x429.jpg 768w, https:\/\/kyminnikkarit.fi\/wp-content\/uploads\/2016\/08\/kulttuuri2-1024x572.jpg 1024w, https:\/\/kyminnikkarit.fi\/wp-content\/uploads\/2016\/08\/kulttuuri2-1200x670.jpg 1200w, https:\/\/kyminnikkarit.fi\/wp-content\/uploads\/2016\/08\/kulttuuri2.jpg 1500w\" sizes=\"auto, (max-width: 291px) 85vw, 291px\" \/><\/a><figcaption id=\"caption-attachment-2190\" class=\"wp-caption-text\">Retket sis\u00e4lt\u00e4\u00e4 paljon mukavaa yhdess\u00e4 oloa<\/figcaption><\/figure>\n<p><strong><em>K\u00e4dentaidot esille<\/em><\/strong><\/p>\n<p><em>Joulumyyj\u00e4iset, pihatapahtumat, ovat kuuluneet Nikkarin ohjelmaan vuosittain. <\/em><em>Joulumyyj\u00e4isiss\u00e4 on myynniss\u00e4 j\u00e4senten tekemi\u00e4 k\u00e4sit\u00f6it\u00e4 ja mukana on ollut my\u00f6s Kymen Puunsorvaajat. <\/em><em>Nikkarit on pit\u00e4nee kaksi k\u00e4dentaiton\u00e4yttely\u00e4 Kymin kerhon tiloissa. N\u00e4yttelyss\u00e4 on ollut esill\u00e4 j\u00e4senten tekemi\u00e4 t\u00f6it\u00e4 ja samalla esitelty toimintaa. Nikkareiden toinen harrasten\u00e4yttely pidettiin maaliskuun lopulla 2015. N\u00e4yttely oli samalla Nikkarin 5-vuotisjuhlan\u00e4yttely. Esill\u00e4 oli l\u00e4hes 150 erilaista ty\u00f6t\u00e4, niin puu-, kudonta-, tilkku- sek\u00e4 muita k\u00e4dentaidon harrastet\u00f6it\u00e4.<\/em><\/p>\n<p><em><a href=\"https:\/\/kyminnikkarit.fi\/wp-content\/uploads\/2015\/04\/eskari1.jpg\"><img loading=\"lazy\" decoding=\"async\" class=\"alignleft wp-image-1202\" src=\"https:\/\/kyminnikkarit.fi\/wp-content\/uploads\/2015\/04\/eskari1-300x233.jpg\" alt=\"eskari1\" width=\"273\" height=\"212\" srcset=\"https:\/\/kyminnikkarit.fi\/wp-content\/uploads\/2015\/04\/eskari1-300x233.jpg 300w, https:\/\/kyminnikkarit.fi\/wp-content\/uploads\/2015\/04\/eskari1-1024x796.jpg 1024w\" sizes=\"auto, (max-width: 273px) 85vw, 273px\" \/><\/a>Tapahtuma oli enemm\u00e4n kuin pelkk\u00e4 n\u00e4yttely. Ohjelmaa oli koko viikonloppu.Perjantaina n\u00e4yttelyss\u00e4 ja pajalla vieraili eskarit, Voikkaalta, Jokelasta ja Kouvolan p\u00e4iv\u00e4kodeista. Kymin Osakeyhti\u00f6n 100-vuotiss\u00e4\u00e4ti\u00f6n tuella Nikkarilla oli mahdollisuus tarjota kyyti tapahtumaan ja pieni askarteluhetki noin 70:lle esikoululaiselle. Lapset tutustuvat innolla n\u00e4yttelyyn ja ty\u00f6t her\u00e4ttiv\u00e4t paljon ajatuksia. Askarteluhetkess\u00e4 tehtiin pieni puinen robotti.<\/em><\/p>\n<p><img loading=\"lazy\" decoding=\"async\" class=\"alignright wp-image-1203 \" src=\"https:\/\/kyminnikkarit.fi\/wp-content\/uploads\/2015\/04\/Marjatta-217x300.jpg\" alt=\"Marjatta\" width=\"225\" height=\"311\" srcset=\"https:\/\/kyminnikkarit.fi\/wp-content\/uploads\/2015\/04\/Marjatta-217x300.jpg 217w, https:\/\/kyminnikkarit.fi\/wp-content\/uploads\/2015\/04\/Marjatta-739x1024.jpg 739w, https:\/\/kyminnikkarit.fi\/wp-content\/uploads\/2015\/04\/Marjatta.jpg 1461w\" sizes=\"auto, (max-width: 225px) 85vw, 225px\" \/><\/p>\n<p><em>N\u00e4yttelyviikonloppuna kutomolla tehtiin tarinamattoa ja sai vinkkej\u00e4 kudontaa. N\u00e4yttelyvieraat saivat kokeilla kudontaa ja samalla tekiv\u00e4t p\u00e4tk\u00e4n tarinamattoa. Tarinamatto arvottiin n\u00e4yttelyn p\u00e4\u00e4tteeksi Jokelan p\u00e4iv\u00e4kodille.&nbsp;<\/em><em>Marjatta Hirvi<\/em><em> oli paikalla antamassa oppeja ja neuvoja kudontaa. Marjatta toimittaa&nbsp;Mallikerta-lehte\u00e4, joka on kankaankutojan oma erikoislehti ja h\u00e4nell\u00e4 on yli 25 vuoden kokemus alasta. H\u00e4nen <\/em><em>mielest\u00e4\u00e4n tapahtuma oli eritt\u00e4in hyv\u00e4 ja ihmiset olivat innostuneita. T\u00e4llainen kudontamahdollisuus on harvinaisuus. Kansalaisopisto tarjoaa kyll\u00e4 hyv\u00e4t puitteet, mutta on sidottu aikaan. Aika ja tilat lienee suurin kynnys harrastukselle. Pohjois-Kymenlaaksossa osataan ja kudontainnostus on nousussa, kertoi Marjatta.<\/em><\/p>\n<p><em>Puuty\u00f6pajalla oli kahtena p\u00e4iv\u00e4n\u00e4 toimintaa. Lauantaina oli koristeveiston\u00e4yt\u00f6ksi\u00e4. Lukkarisen Jouko ja Ilvosen Timo n\u00e4yttiv\u00e4t mallia ja kertoivat koristeveistosta.&nbsp;Kymen puunsorvaajat <\/em><em>esitteliv\u00e4t toimintaansa ja antoivat sorvausn\u00e4yt\u00f6ksi\u00e4. Lis\u00e4ksi&nbsp;Poratuuli <\/em><em>ja&nbsp;Festool&nbsp;toivat esille ty\u00f6kaluja puunty\u00f6st\u00f6\u00f6n.<\/em><br \/>\n<em><a href=\"https:\/\/kyminnikkarit.fi\/wp-content\/uploads\/2015\/04\/Lassi.jpg\"><img loading=\"lazy\" decoding=\"async\" class=\"alignleft wp-image-1204 \" src=\"https:\/\/kyminnikkarit.fi\/wp-content\/uploads\/2015\/04\/Lassi-228x300.jpg\" alt=\"Lassi\" width=\"273\" height=\"359\" srcset=\"https:\/\/kyminnikkarit.fi\/wp-content\/uploads\/2015\/04\/Lassi-228x300.jpg 228w, https:\/\/kyminnikkarit.fi\/wp-content\/uploads\/2015\/04\/Lassi-777x1024.jpg 777w, https:\/\/kyminnikkarit.fi\/wp-content\/uploads\/2015\/04\/Lassi.jpg 1662w\" sizes=\"auto, (max-width: 273px) 85vw, 273px\" \/><\/a>Sunnuntaina oli \u201dp\u00f6ntt\u00f6p\u00e4iv\u00e4\u201d, Nuorten Er\u00e4kerhon kanssa yhdess\u00e4 toteutettu tapahtuma tarjosi mahdollisuuden lasten ja vanhempien yhteiseen nikkarointiin. P\u00f6ntt\u00f6j\u00e4 syntyi liki sata, niin p\u00f6ntt\u00f6sorvilla kuin perinteisi\u00e4 lautap\u00f6ntt\u00f6j\u00e4.<\/em><em>Paikalla oli my\u00f6s&nbsp;Lassi Kujala, joka antoi neuvoja ja oppeja lintujen pesinn\u00e4st\u00e4. Lassilla on takana yli 50 vuotta lintuharrastusta ja l\u00e4hes 35-vuotta luontokuvausta Pohjois- Kymenlaaksossa. Lassi piti tapahtumaa erinomaisena. Ennen kouluissa tehtiin puuk\u00e4sit\u00f6iss\u00e4 p\u00f6ntt\u00f6j\u00e4, mutta toisin on t\u00e4n\u00e4\u00e4n. P\u00f6ntt\u00f6j\u00e4 kannattaa tehd\u00e4 se on t\u00e4rke\u00e4\u00e4 pesinn\u00e4n kannalta, mutta linnut k\u00e4ytt\u00e4v\u00e4t niit\u00e4 my\u00f6s tuulensuojana sek\u00e4 talvella. Kysymykseen, mihin kottaraiset ovat h\u00e4vinneet, on Lassilla suora vastaus. Maatalouden muutos Suomessa ja talvehtimisalueella j\u00e4rjestelm\u00e4llinen h\u00e4vitt\u00e4minen suurempina syin\u00e4. <\/em><\/p>\n<p><em>N\u00e4yttelysalissa oli harrastet\u00f6iden myynti\u00e4 ja tilkkuty\u00f6ryhm\u00e4 antoi opastusta tilkkut\u00f6iden tekemiseen. Viikonlopun aikana k\u00e4vi reilut 600 n\u00e4yttelyvierasta. Yleis\u00f6ll\u00e4 oli mahdollisuus \u00e4\u00e4nest\u00e4\u00e4 suosikkity\u00f6 ja osallistua lahjakortin arvontaan.<\/em><\/p>\n<p><em><a href=\"https:\/\/kyminnikkarit.fi\/wp-content\/uploads\/2015\/04\/puupalttoo.jpg\"><img loading=\"lazy\" decoding=\"async\" class=\"alignleft size-thumbnail wp-image-1205\" src=\"https:\/\/kyminnikkarit.fi\/wp-content\/uploads\/2015\/04\/puupalttoo-150x150.jpg\" alt=\"puupalttoo\" width=\"150\" height=\"150\"\/><\/a>Timo Ilvosen puupalttoo oli ehdoton yleis\u00f6n suosikki. Idea on tullut veist\u00e4j\u00e4 Chris Pye:n kirjoittamasta veistokirjasta. P\u00e4\u00e4tin kokeilla oman version tekemist\u00e4 omaa flanellipaitaa mallina k\u00e4ytt\u00e4en. Ty\u00f6n tekemisen aloitin viime joulukuussa ja ty\u00f6 tuli valmiiksi helmi-maaliskuun vaihteessa kertoo Timo. Timon ty\u00f6t ovat my\u00f6s myynniss\u00e4.<\/em><\/p>\n<p><a href=\"https:\/\/kyminnikkarit.fi\/wp-content\/uploads\/2015\/04\/kissa.jpg\"><img loading=\"lazy\" decoding=\"async\" class=\"alignright size-thumbnail wp-image-1206\" src=\"https:\/\/kyminnikkarit.fi\/wp-content\/uploads\/2015\/04\/kissa-150x150.jpg\" alt=\"kissa\" width=\"150\" height=\"150\"\/><\/a><em>Toiseksi eniten \u00e4\u00e4ni\u00e4 sai Annukka Arolan kissatilkkuty\u00f6. Ty\u00f6 on tehty 60-vuotislahjaksi, el\u00e4inraikkaille ja liikuntaaharrastaville&nbsp;&nbsp;&nbsp; yst\u00e4ville. Ty\u00f6ss\u00e4 on saatu esille varsin hauskasti ja el\u00e4v\u00e4sti kissojen liikkeet.<\/em><\/p>\n<p><em><a href=\"https:\/\/kyminnikkarit.fi\/wp-content\/uploads\/2015\/04\/Kaija.jpg\"><img loading=\"lazy\" decoding=\"async\" class=\"alignleft size-thumbnail wp-image-1207\" src=\"https:\/\/kyminnikkarit.fi\/wp-content\/uploads\/2015\/04\/Kaija-150x150.jpg\" alt=\"Kaija\" width=\"150\" height=\"150\"\/><\/a>Kaija Sunisen ty\u00f6 ker\u00e4si kolmanneksi eniten \u00e4\u00e4ni\u00e4. Idea ty\u00f6h\u00f6n on syntynyt yhdess\u00e4 Marja Purmosen kanssa tilkkuty\u00f6ryhm\u00e4ss\u00e4. Ty\u00f6 on tehty tekemisen ilosta itselle, mutta voidaan my\u00f6s myyd\u00e4.<\/em><\/p>\n<p><em>Yleis\u00f6n suosikit saivat lahjakortit paikallisiin alan liikkeisiin. Palkinnon tarkoitus on tukea ja kannustaa harrastusta k\u00e4dentaitojen parissa.<\/em><br \/>\n<em>Kymin Nikkareiden j\u00e4senm\u00e4\u00e4r\u00e4 on t\u00e4ll\u00e4 hetkell\u00e4 325 j\u00e4sent\u00e4 ( 6\/2016 ) J\u00e4senist\u00f6st\u00e4 noin 60 % tulee yhti\u00f6n piirist\u00e4, joista el\u00e4kel\u00e4isi\u00e4 noin 65%. Vaikka toiminnalla on vankka yhti\u00f6n tausta, niin olemme kuitenkin yleishy\u00f6dyllinen ja avoin yhteis\u00f6.&nbsp;<\/em><\/p>\n<p><em><b>Yhdistykselle n\u00e4kyvyytt\u00e4<\/b><\/em><\/p>\n<figure id=\"attachment_3593\" aria-describedby=\"caption-attachment-3593\" style=\"width: 268px\" class=\"wp-caption alignright\"><a href=\"https:\/\/kyminnikkarit.fi\/wp-content\/uploads\/2020\/12\/mummot.jpg\"><img loading=\"lazy\" decoding=\"async\" class=\" wp-image-3593\" src=\"https:\/\/kyminnikkarit.fi\/wp-content\/uploads\/2020\/12\/mummot-300x225.jpg\" alt=\"\" width=\"268\" height=\"201\" srcset=\"https:\/\/kyminnikkarit.fi\/wp-content\/uploads\/2020\/12\/mummot-300x225.jpg 300w, https:\/\/kyminnikkarit.fi\/wp-content\/uploads\/2020\/12\/mummot.jpg 727w\" sizes=\"auto, (max-width: 268px) 85vw, 268px\" \/><\/a><figcaption id=\"caption-attachment-3593\" class=\"wp-caption-text\">Pienen\u00e4 yksityiskohtana mainittakoon, ett\u00e4 ryhm\u00e4 tapasi sattumalta my\u00f6s \u201deuroviisumummot\u201d, jotka olivat aika nuorekkaita ja eloisia. He lauloivat meille my\u00f6s suomen kielell\u00e4 laulun \u201dPaljon kiitoksia\u201d<\/figcaption><\/figure>\n<p><em>Yhdistyksen toiminta tuli tunnetuksi viisvuotisn\u00e4yttelyn my\u00f6t\u00e4. Kymin Nikkareilla oli mahdollisuus olla mukana Kouvolan kaupungin j\u00e4rjest\u00e4m\u00e4ll\u00e4 matkalla Vologdan yst\u00e4vyyskaupunkiin, jossa pidettiin \u201d Voice of Crafts\u201d kansainv\u00e4linen k\u00e4sity\u00f6festivaali 23. -26.6 2016. Kymin Nikkaria edusti Jouko Lukkarinen, Pirjo Nousiainen, Marjatta N\u00f6jd ja Marja Purmonen. Jouko osallistui koristeveistoa koskevaan kilpailuun ja Marja tilkkut\u00f6iden sarjaan, jossa h\u00e4n saavutti toisen palkinnon. N\u00e4yttelyosasto her\u00e4tti paljon yleis\u00f6n mielenkiintoa. Ihmiset olivat hyvin yst\u00e4v\u00e4llisi\u00e4 ja is\u00e4nn\u00e4t vieraanvaraisia.&nbsp;<\/em><\/p>\n<p><a href=\"https:\/\/kyminnikkarit.fi\/wp-content\/uploads\/2020\/12\/kotisututalona\u0308yttely.jpg\"><img loading=\"lazy\" decoding=\"async\" class=\" wp-image-3594 alignleft\" src=\"https:\/\/kyminnikkarit.fi\/wp-content\/uploads\/2020\/12\/kotisututalona\u0308yttely-200x300.jpg\" alt=\"\" width=\"176\" height=\"264\" srcset=\"https:\/\/kyminnikkarit.fi\/wp-content\/uploads\/2020\/12\/kotisututalona\u0308yttely-200x300.jpg 200w, https:\/\/kyminnikkarit.fi\/wp-content\/uploads\/2020\/12\/kotisututalona\u0308yttely-768x1152.jpg 768w, https:\/\/kyminnikkarit.fi\/wp-content\/uploads\/2020\/12\/kotisututalona\u0308yttely-683x1024.jpg 683w, https:\/\/kyminnikkarit.fi\/wp-content\/uploads\/2020\/12\/kotisututalona\u0308yttely.jpg 1200w\" sizes=\"auto, (max-width: 176px) 85vw, 176px\" \/><\/a><em>Kuusankoski-Seuran kutsui Nikkarit pit\u00e4m\u00e4\u00e4n n\u00e4yttely\u00e4 Kuusankosken kotiseututalossa.<\/em><\/p>\n<p><em>N\u00e4yttelyn nimi oli \u201dperinteist\u00e4 nykyaikaa\u201d. Toimme esille perinteit\u00e4, mutta meill\u00e4 on halu oppia uutta ja haluamme k\u00e4ytt\u00e4\u00e4 my\u00f6s uutta tekniikkaa harrastustoiminnassa. N\u00e4yttely kesti noin kuukauden N\u00e4yttelyss\u00e4 vieraili l\u00e4hes 400 vierasta.<\/em><\/p>\n<p><a href=\"https:\/\/kyminnikkarit.fi\/wp-content\/uploads\/2021\/01\/po\u0308nto\u0308t-1.jpg\"><img loading=\"lazy\" decoding=\"async\" class=\"alignright wp-image-3617\" src=\"https:\/\/kyminnikkarit.fi\/wp-content\/uploads\/2021\/01\/po\u0308nto\u0308t-1-300x265.jpg\" alt=\"\" width=\"353\" height=\"312\" srcset=\"https:\/\/kyminnikkarit.fi\/wp-content\/uploads\/2021\/01\/po\u0308nto\u0308t-1-300x265.jpg 300w, https:\/\/kyminnikkarit.fi\/wp-content\/uploads\/2021\/01\/po\u0308nto\u0308t-1-768x679.jpg 768w, https:\/\/kyminnikkarit.fi\/wp-content\/uploads\/2021\/01\/po\u0308nto\u0308t-1-1024x905.jpg 1024w, https:\/\/kyminnikkarit.fi\/wp-content\/uploads\/2021\/01\/po\u0308nto\u0308t-1.jpg 1200w\" sizes=\"auto, (max-width: 353px) 85vw, 353px\" \/><\/a><\/p>\n<p>&nbsp;<\/p>\n<p>&nbsp;<\/p>\n<p><em>Ylen Miljoona-linnunp\u00f6ntt\u00f6\u00e4 kampanja innosti meit\u00e4 j\u00e4rjest\u00e4m\u00e4\u00e4n lasten askartelup\u00e4iv\u00e4t. Kuusankosken Riistamiesten er\u00e4kerhon parikyment\u00e4 nuorta&nbsp;vieraili nikkaroimassa p\u00f6ntt\u00f6j\u00e4 ja viikonlopun askartelup\u00e4iv\u00e4t oli avoinna kaikille.&nbsp; K\u00e4vij\u00f6iden kesken arvottiin 20 linnunp\u00f6ntt\u00f6\u00e4. Puuty\u00f6pajalta l\u00e4htikin yli 70 linnunp\u00f6ntt\u00f6\u00e4 parin p\u00e4iv\u00e4n aikana.<\/em><\/p>\n<p>&nbsp;<\/p>\n<p><em><strong>Kun Suomi t\u00e4ytti 100 oli Nikkarilla 100 linnunp\u00f6ntt\u00f6\u00e4 tapahtuma<\/strong><\/em><\/p>\n<p><a href=\"https:\/\/kyminnikkarit.fi\/wp-content\/uploads\/2020\/12\/kasnikuva1.jpg\"><img loading=\"lazy\" decoding=\"async\" class=\"alignright size-medium wp-image-3595\" src=\"https:\/\/kyminnikkarit.fi\/wp-content\/uploads\/2020\/12\/kasnikuva1-300x150.jpg\" alt=\"\" width=\"300\" height=\"150\" srcset=\"https:\/\/kyminnikkarit.fi\/wp-content\/uploads\/2020\/12\/kasnikuva1-300x150.jpg 300w, https:\/\/kyminnikkarit.fi\/wp-content\/uploads\/2020\/12\/kasnikuva1-768x383.jpg 768w, https:\/\/kyminnikkarit.fi\/wp-content\/uploads\/2020\/12\/kasnikuva1-1024x511.jpg 1024w, https:\/\/kyminnikkarit.fi\/wp-content\/uploads\/2020\/12\/kasnikuva1-1200x599.jpg 1200w, https:\/\/kyminnikkarit.fi\/wp-content\/uploads\/2020\/12\/kasnikuva1.jpg 1301w\" sizes=\"auto, (max-width: 300px) 85vw, 300px\" \/><\/a><\/p>\n<p><em>Tapahtuma painottui viikonloppuun 5.-7.5.2017 ja p\u00e4\u00e4asia oli lapsille ja perheille suunnattu askartelutapahtuma, jossa nikkaroitiin linnunp\u00f6ntt\u00f6j\u00e4. Tavoitteena oli tehd\u00e4 100-linnunp\u00f6ntt\u00f6\u00e4. Tapahtumaan liitettiin my\u00f6s muita luontoa ja linnunp\u00f6ntt\u00f6 teemaan liittyv\u00e4\u00e4 oheisohjelmaa. Tapahtuma oli Nikkarin Suomi 100 hanke ja tukijana Kymin Osakeyhti\u00f6n 100-vuotiss\u00e4\u00e4ti\u00f6, UPM-Kymi sek\u00e4 Kouvolan kaupunki Suomi 100 \u2013 juhlavuoden avustuksella.<\/em><\/p>\n<p><a href=\"https:\/\/kyminnikkarit.fi\/wp-content\/uploads\/2021\/01\/lapset.jpg\"><img loading=\"lazy\" decoding=\"async\" class=\" wp-image-3619 alignleft\" src=\"https:\/\/kyminnikkarit.fi\/wp-content\/uploads\/2021\/01\/lapset-300x228.jpg\" alt=\"\" width=\"400\" height=\"304\" srcset=\"https:\/\/kyminnikkarit.fi\/wp-content\/uploads\/2021\/01\/lapset-300x228.jpg 300w, https:\/\/kyminnikkarit.fi\/wp-content\/uploads\/2021\/01\/lapset-768x584.jpg 768w, https:\/\/kyminnikkarit.fi\/wp-content\/uploads\/2021\/01\/lapset-1024x778.jpg 1024w, https:\/\/kyminnikkarit.fi\/wp-content\/uploads\/2021\/01\/lapset.jpg 1200w\" sizes=\"auto, (max-width: 400px) 85vw, 400px\" \/><\/a><em>Varsinainen tapahtuma alkoi jo 5.5.2017, jolloin M\u00e4yr\u00e4nkorven p\u00e4iv\u00e4kodin eskarit sek\u00e4 Kiipulan ammattiopiston opiskelijat vieraili pajalla ja askartelivat Nikkarin ohjaajien avustuksella linnunp\u00f6nt\u00f6t. Varsinaisena tapahtuma viikonloppuna vieraili noin 250 vierasta. Askartelu sujui \u201dNon Stoppina\u201d ja askartelupisteiss\u00e4 oli vilskett\u00e4. P\u00e4\u00e4s\u00e4\u00e4nt\u00f6isesti lapset tekiv\u00e4t p\u00f6ntt\u00f6j\u00e4, mutta my\u00f6s muutaman aikuinen halusi tehd\u00e4 p\u00f6nt\u00f6n. Lapsille annettiin mukaan my\u00f6s UPM-mets\u00e4n lintutaulu. Lassi Kujala&nbsp; oli paikalla kertomassa linnuista&nbsp; kuvin ja sanoin. <\/em><\/p>\n<p><em>P\u00f6ntt\u00f6aihioita oli varattu 120 kpl ja niit\u00e4 j\u00e4i vain muutama j\u00e4ljelle. Tilkkuty\u00f6ryhm\u00e4 askarteli kev\u00e4\u00e4n aikana suuren tilkkuty\u00f6n, jonka aineena oli Suomi ja luonto. Ryhm\u00e4l\u00e4iset tekiv\u00e4t blokeja eri tekniikoilla ja yhdistiv\u00e4t ne ryhm\u00e4ty\u00f6n\u00e4 isoksi peitoksi . V\u00e4rein\u00e4 k\u00e4ytettiin vain sinist\u00e4,valkoista ja vihre\u00e4\u00e4.<\/em><\/p>\n<p><a href=\"https:\/\/kyminnikkarit.fi\/wp-content\/uploads\/2020\/12\/suomi100.jpg\"><img loading=\"lazy\" decoding=\"async\" class=\"alignleft size-medium wp-image-3596\" src=\"https:\/\/kyminnikkarit.fi\/wp-content\/uploads\/2020\/12\/suomi100-207x300.jpg\" alt=\"\" width=\"207\" height=\"300\" srcset=\"https:\/\/kyminnikkarit.fi\/wp-content\/uploads\/2020\/12\/suomi100-207x300.jpg 207w, https:\/\/kyminnikkarit.fi\/wp-content\/uploads\/2020\/12\/suomi100-768x1115.jpg 768w, https:\/\/kyminnikkarit.fi\/wp-content\/uploads\/2020\/12\/suomi100-705x1024.jpg 705w, https:\/\/kyminnikkarit.fi\/wp-content\/uploads\/2020\/12\/suomi100.jpg 1200w\" sizes=\"auto, (max-width: 207px) 85vw, 207px\" \/><\/a><\/p>\n<p><a href=\"https:\/\/kyminnikkarit.fi\/wp-content\/uploads\/2020\/12\/tilkku.jpg\"><img loading=\"lazy\" decoding=\"async\" class=\"alignleft size-medium wp-image-3597\" src=\"https:\/\/kyminnikkarit.fi\/wp-content\/uploads\/2020\/12\/tilkku-300x234.jpg\" alt=\"\" width=\"300\" height=\"234\" srcset=\"https:\/\/kyminnikkarit.fi\/wp-content\/uploads\/2020\/12\/tilkku-300x234.jpg 300w, https:\/\/kyminnikkarit.fi\/wp-content\/uploads\/2020\/12\/tilkku-768x599.jpg 768w, https:\/\/kyminnikkarit.fi\/wp-content\/uploads\/2020\/12\/tilkku-1024x799.jpg 1024w, https:\/\/kyminnikkarit.fi\/wp-content\/uploads\/2020\/12\/tilkku.jpg 1200w\" sizes=\"auto, (max-width: 300px) 85vw, 300px\" \/><\/a><\/p>\n<p><a href=\"https:\/\/kyminnikkarit.fi\/wp-content\/uploads\/2020\/12\/tilkut-II.jpg\"><img loading=\"lazy\" decoding=\"async\" class=\" wp-image-3601 alignnone\" src=\"https:\/\/kyminnikkarit.fi\/wp-content\/uploads\/2020\/12\/tilkut-II-300x300.jpg\" alt=\"\" width=\"254\" height=\"254\" srcset=\"https:\/\/kyminnikkarit.fi\/wp-content\/uploads\/2020\/12\/tilkut-II-300x300.jpg 300w, https:\/\/kyminnikkarit.fi\/wp-content\/uploads\/2020\/12\/tilkut-II-150x150.jpg 150w, https:\/\/kyminnikkarit.fi\/wp-content\/uploads\/2020\/12\/tilkut-II-768x769.jpg 768w, https:\/\/kyminnikkarit.fi\/wp-content\/uploads\/2020\/12\/tilkut-II-1022x1024.jpg 1022w, https:\/\/kyminnikkarit.fi\/wp-content\/uploads\/2020\/12\/tilkut-II.jpg 1200w\" sizes=\"auto, (max-width: 254px) 85vw, 254px\" \/><\/a><\/p>\n<p>&nbsp;<\/p>\n<figure id=\"attachment_3618\" aria-describedby=\"caption-attachment-3618\" style=\"width: 371px\" class=\"wp-caption alignleft\"><a href=\"https:\/\/kyminnikkarit.fi\/wp-content\/uploads\/2021\/01\/erkoisp.jpg\"><img loading=\"lazy\" decoding=\"async\" class=\"wp-image-3618 \" src=\"https:\/\/kyminnikkarit.fi\/wp-content\/uploads\/2021\/01\/erkoisp-300x187.jpg\" alt=\"\" width=\"371\" height=\"231\" srcset=\"https:\/\/kyminnikkarit.fi\/wp-content\/uploads\/2021\/01\/erkoisp-300x187.jpg 300w, https:\/\/kyminnikkarit.fi\/wp-content\/uploads\/2021\/01\/erkoisp-768x479.jpg 768w, https:\/\/kyminnikkarit.fi\/wp-content\/uploads\/2021\/01\/erkoisp-1024x639.jpg 1024w, https:\/\/kyminnikkarit.fi\/wp-content\/uploads\/2021\/01\/erkoisp.jpg 1200w\" sizes=\"auto, (max-width: 371px) 85vw, 371px\" \/><\/a><figcaption id=\"caption-attachment-3618\" class=\"wp-caption-text\">Oheistapahtumana oli \u201d Hauskin \u201d linnunp\u00f6ntt\u00f6 kisa. Kilpailu oli tarkoitettu j\u00e4senille.&nbsp;Mukana oli 22 ty\u00f6t\u00e4. Esill\u00e4 oli my\u00f6s koristeellisia p\u00f6ntt\u00f6j\u00e4.<span style=\"color: #1a1a1a; font-size: 16px;\">&nbsp;<\/span><a style=\"font-size: 16px;\" href=\"https:\/\/kyminnikkarit.fi\/wp-content\/uploads\/2021\/01\/lapset.jpg\">&nbsp;<\/a><\/figcaption><\/figure>\n<p><a href=\"https:\/\/kyminnikkarit.fi\/wp-content\/uploads\/2021\/01\/suomi.jpg\"><img loading=\"lazy\" decoding=\"async\" class=\"alignright wp-image-3620\" src=\"https:\/\/kyminnikkarit.fi\/wp-content\/uploads\/2021\/01\/suomi-300x241.jpg\" alt=\"\" width=\"324\" height=\"260\" srcset=\"https:\/\/kyminnikkarit.fi\/wp-content\/uploads\/2021\/01\/suomi-300x241.jpg 300w, https:\/\/kyminnikkarit.fi\/wp-content\/uploads\/2021\/01\/suomi.jpg 665w\" sizes=\"auto, (max-width: 324px) 85vw, 324px\" \/><\/a><\/p>\n<p>&nbsp;<\/p>\n<p>&nbsp;<\/p>\n<p>&nbsp;<\/p>\n<p>&nbsp;<\/p>\n<p>&nbsp;<\/p>\n<p>&nbsp;<\/p>\n<p><em><strong>Muutokset tuovat uutta.<\/strong><\/em><\/p>\n<p><em>Vuoden 2016 alusta Tallinmontun tilojen suhteen elimme ep\u00e4varmuudessa. Tilat siirtyiv\u00e4t UPM-Kiinteist\u00f6lle ja luvassa oli muutoksia vuokrasopimukseen. Edulliset vuokrat olivat toiminnan elinehto ja tulevaisuudesta ei ollut varmuutta. Asiaan l\u00f6ytyi ratkaisu 2018 kun perustettiin Kiinteist\u00f6yhti\u00f6 Tallinmonttu ja rakennus siirtyi uuden yhti\u00f6n nimiin. &nbsp;Uuden omistaja taustalla on muutama sijoittaja, vuokralainen ja yksityishenkil\u00f6. Kiinteist\u00f6yhti\u00f6n tavoite on pit\u00e4\u00e4 rakennus arvoisessa kunnossa ja mahdollistaa harrastekerhojen jatkumon vuokralla, jolla katetaan kiinteist\u00f6n kulut.&nbsp;<\/em><\/p>\n<p><em>Kiinteist\u00f6yhti\u00f6 panostinkin heti rakennuksen kuntoon ja toimivuuteen. Kymin kerhon l\u00e4mmitys liitettiin kaukol\u00e4mp\u00f6\u00f6n. toisen kerroksen ikkunat uusittiin&nbsp;sek\u00e4 katolla oleva kellotapuli entis\u00f6itiin. T\u00e4h\u00e4n entis\u00f6intity\u00f6h\u00f6n saimme avustusta Kaakkois-Suomen Ely-keskukselta sek\u00e4 Kymin Osakeyhti\u00f6n 100-vuotiss\u00e4\u00e4ti\u00f6lt\u00e4 sek\u00e4 UPM-Kymilt\u00e4. Ty\u00f6 oli XAMK- opiskelijoiden Aija Marjanne ja Kalle M\u00e4kinen &nbsp;opinn\u00e4ytety\u00f6. Tallinmontu on el\u00e4v\u00f6itynyt muutosten my\u00f6t\u00e4. Kymin kerho on j\u00e4rjest\u00e4nyt markkinoita ja kirppistapahtumia, jotka on tuonut n\u00e4kyvyytt\u00e4 my\u00f6s&nbsp;Nikkareille.<\/em><\/p>\n<p><em><a href=\"https:\/\/kyminnikkarit.fi\/wp-content\/uploads\/2021\/01\/makramee.jpg\"><img loading=\"lazy\" decoding=\"async\" class=\" wp-image-3621 alignright\" src=\"https:\/\/kyminnikkarit.fi\/wp-content\/uploads\/2021\/01\/makramee-300x214.jpg\" alt=\"\" width=\"363\" height=\"259\" srcset=\"https:\/\/kyminnikkarit.fi\/wp-content\/uploads\/2021\/01\/makramee-300x214.jpg 300w, https:\/\/kyminnikkarit.fi\/wp-content\/uploads\/2021\/01\/makramee-768x547.jpg 768w, https:\/\/kyminnikkarit.fi\/wp-content\/uploads\/2021\/01\/makramee-1024x729.jpg 1024w, https:\/\/kyminnikkarit.fi\/wp-content\/uploads\/2021\/01\/makramee.jpg 1200w\" sizes=\"auto, (max-width: 363px) 85vw, 363px\" \/><\/a>Tilkkuryhm\u00e4n toiminta loppui vuonna 2018, mutta muutamat aktiiviset harrastaja perusti \u201d Ideanikkarit \u2013ryhm\u00e4n \u201d, joka tarjoaa kurssimuotoisena k\u00e4dentaitoja j\u00e4senist\u00f6lle. Vaikka toiminta ei ole aktiivista,&nbsp; ryhm\u00e4 tarjoaa kuitenkin&nbsp;mahdollisuuden kurssimuotoisesti tutustua uusiin asioihin l\u00e4hinn\u00e4 tekstiilit\u00f6iden piiriss\u00e4. Toiminnan my\u00f6t\u00e4 huomasimme, ett\u00e4 j\u00e4senist\u00f6ss\u00e4 on paljon kotona harrastavia&nbsp; ja useampaa osaamista omaavia k\u00e4dentaitajia.<\/em><\/p>\n<p><em>Kouvolan Nukkekotiharrastajat tuli mukaan toimintaa syksyll\u00e4&nbsp;2018. Ryhm\u00e4 etsi tiloja ja jo vuonna 2006 alkaneelle toiminnalleen Nikkarilla oli tarjota kutomon muutosten my\u00f6t\u00e4 toimivat tilat. Miniarityyriaskartelun pariin keskittynyt ryhm\u00e4 kokoontuu kuukausittain jonkun teeman ymp\u00e4rille. Ryhm\u00e4 on aktiivinen ja ollut monessa Nikkarin projektissa mukana. Tarkemmin voit tutusta heid\u00e4n toimintaan heid\u00e4n <a href=\"https:\/\/www.facebook.com\/Kouvolan-Nukkekotiharrastajat-737095679665131\" target=\"_blank\" rel=\"noopener\">facebook-sivuilta.<\/a><\/em><\/p>\n<p><em><strong>Kymmenen vuotta nikkarointia<\/strong><\/em><\/p>\n<p><em>Kun kes\u00e4 2018 taittui syksyksi, niin aloimme suunnitella tulevaa 10-vuotisjuhlaa. Koska yhdistys on perustettu 2009 ja toiminta alkanut 2010, niin p\u00e4\u00e4timme juhlia parina vuonna. Teemaksi valittiin Innostu k\u00e4dentaidoista.<\/em><\/p>\n<p><a href=\"https:\/\/kyminnikkarit.fi\/wp-content\/uploads\/2020\/12\/avoimetovet.jpg\"><img loading=\"lazy\" decoding=\"async\" class=\"alignleft size-medium wp-image-3602\" src=\"https:\/\/kyminnikkarit.fi\/wp-content\/uploads\/2020\/12\/avoimetovet-300x248.jpg\" alt=\"\" width=\"300\" height=\"248\" srcset=\"https:\/\/kyminnikkarit.fi\/wp-content\/uploads\/2020\/12\/avoimetovet-300x248.jpg 300w, https:\/\/kyminnikkarit.fi\/wp-content\/uploads\/2020\/12\/avoimetovet-768x634.jpg 768w, https:\/\/kyminnikkarit.fi\/wp-content\/uploads\/2020\/12\/avoimetovet-1024x846.jpg 1024w, https:\/\/kyminnikkarit.fi\/wp-content\/uploads\/2020\/12\/avoimetovet.jpg 1200w\" sizes=\"auto, (max-width: 300px) 85vw, 300px\" \/><\/a><em>Tapahtumat avasi kev\u00e4\u00e4n avoimet ovet \u2013tapahtuma, jossa esiteltiin toimintaa laajasta.<\/em><\/p>\n<p><em>Kouvolan asuntomessut 2019 innoitti my\u00f6s Nikkaria.&nbsp;<\/em><em>Nukkis-ryhm\u00e4 j\u00e4rjesti miniasuntomessut Taideruukissa, joka oli asuntomessujen oheiskohde.&nbsp; &nbsp; &nbsp; &nbsp; &nbsp;<\/em><\/p>\n<p><em>T\u00e4m\u00e4 Nukkis-ryhm\u00e4n voimann\u00e4yte ker\u00e4si mielenkiintoa varsin laajasti ja samalla Nikkarit saivat n\u00e4kyvyytt\u00e4. Tapahtumassa vieraili liki 10000 vierasta.<\/em><\/p>\n<p><a href=\"https:\/\/kyminnikkarit.fi\/wp-content\/uploads\/2020\/12\/messutfb.jpg\"><img loading=\"lazy\" decoding=\"async\" class=\"alignleft wp-image-3603\" src=\"https:\/\/kyminnikkarit.fi\/wp-content\/uploads\/2020\/12\/messutfb-225x300.jpg\" alt=\"\" width=\"287\" height=\"383\" srcset=\"https:\/\/kyminnikkarit.fi\/wp-content\/uploads\/2020\/12\/messutfb-225x300.jpg 225w, https:\/\/kyminnikkarit.fi\/wp-content\/uploads\/2020\/12\/messutfb-768x1024.jpg 768w, https:\/\/kyminnikkarit.fi\/wp-content\/uploads\/2020\/12\/messutfb.jpg 1200w\" sizes=\"auto, (max-width: 287px) 85vw, 287px\" \/><\/a><\/p>\n<p><a href=\"https:\/\/kyminnikkarit.fi\/wp-content\/uploads\/2020\/12\/messut.jpg\"><img loading=\"lazy\" decoding=\"async\" class=\"wp-image-3604 alignleft\" src=\"https:\/\/kyminnikkarit.fi\/wp-content\/uploads\/2020\/12\/messut-300x225.jpg\" alt=\"\" width=\"418\" height=\"313\" srcset=\"https:\/\/kyminnikkarit.fi\/wp-content\/uploads\/2020\/12\/messut-300x225.jpg 300w, https:\/\/kyminnikkarit.fi\/wp-content\/uploads\/2020\/12\/messut-768x576.jpg 768w, https:\/\/kyminnikkarit.fi\/wp-content\/uploads\/2020\/12\/messut-1024x768.jpg 1024w, https:\/\/kyminnikkarit.fi\/wp-content\/uploads\/2020\/12\/messut.jpg 1200w\" sizes=\"auto, (max-width: 418px) 85vw, 418px\" \/><\/a><\/p>\n<p>&nbsp;<\/p>\n<p>&nbsp;<\/p>\n<p>&nbsp;<\/p>\n<p>&nbsp;<\/p>\n<p>&nbsp;<\/p>\n<p>&nbsp;<\/p>\n<p>&nbsp;<\/p>\n<p><a href=\"https:\/\/kyminnikkarit.fi\/wp-content\/uploads\/2020\/02\/mainos2.jpg\"><img loading=\"lazy\" decoding=\"async\" class=\" wp-image-3246 alignright\" src=\"https:\/\/kyminnikkarit.fi\/wp-content\/uploads\/2020\/02\/mainos2-212x300.jpg\" alt=\"\" width=\"200\" height=\"283\" srcset=\"https:\/\/kyminnikkarit.fi\/wp-content\/uploads\/2020\/02\/mainos2-212x300.jpg 212w, https:\/\/kyminnikkarit.fi\/wp-content\/uploads\/2020\/02\/mainos2.jpg 606w\" sizes=\"auto, (max-width: 200px) 85vw, 200px\" \/><\/a><\/p>\n<p><em>Varsinainen juhlan\u00e4yttely pidettiin 13.-15.3.2020 Kymin kerhon tiloissa. N\u00e4ytteileasettajia oli noin 60 ja l\u00e4hes 150 eri ty\u00f6t\u00e4. Panostimme erityisesti j\u00e4seniin, jotka harrastavat kotona k\u00e4dentaitoja.&nbsp;&nbsp;<\/em><\/p>\n<p><em>Tapahtumaa varjosti maailmalla alkanut koronaepidemia, joka verotti vierailijoita. Perjantaina saimme kuitenkin eskareiten askartelup\u00e4iv\u00e4n viety\u00e4 l\u00e4pi ja viikonloppuna n\u00e4yttelyyn tutustui liki 350 k\u00e4vij\u00e4\u00e4. Ty\u00f6n\u00e4yt\u00f6ksen\u00e4 oli mm.vuolulintujen teko. Aihe sopi hyvin, sill\u00e4 vuoleminen oli vuoden k\u00e4sity\u00f6tekniikka. Tapahtumasta tehtiin mittava kuvakokoelma sek\u00e4 video <a href=\"https:\/\/www.youtube.com\/watch?v=kPmYNYCAk_s\" target=\"_blank\" rel=\"noopener\">Youtubeen.<\/a><\/em><\/p>\n<p><a href=\"https:\/\/kyminnikkarit.fi\/wp-content\/uploads\/2021\/01\/Tove-Forsstro\u0308m-Tove-Forsstro\u0308m_Nikkarit_12032020-04947.jpg\"><img loading=\"lazy\" decoding=\"async\" class=\" wp-image-3622 alignleft\" src=\"https:\/\/kyminnikkarit.fi\/wp-content\/uploads\/2021\/01\/Tove-Forsstro\u0308m-Tove-Forsstro\u0308m_Nikkarit_12032020-04947-300x225.jpg\" alt=\"\" width=\"356\" height=\"267\" srcset=\"https:\/\/kyminnikkarit.fi\/wp-content\/uploads\/2021\/01\/Tove-Forsstro\u0308m-Tove-Forsstro\u0308m_Nikkarit_12032020-04947-300x225.jpg 300w, https:\/\/kyminnikkarit.fi\/wp-content\/uploads\/2021\/01\/Tove-Forsstro\u0308m-Tove-Forsstro\u0308m_Nikkarit_12032020-04947-768x575.jpg 768w, https:\/\/kyminnikkarit.fi\/wp-content\/uploads\/2021\/01\/Tove-Forsstro\u0308m-Tove-Forsstro\u0308m_Nikkarit_12032020-04947.jpg 1000w\" sizes=\"auto, (max-width: 356px) 85vw, 356px\" \/><\/a><\/p>\n<p>&nbsp;<\/p>\n<p>&nbsp;<\/p>\n<p><a href=\"https:\/\/kyminnikkarit.fi\/wp-content\/uploads\/2021\/01\/Tove-Forsstro\u0308m-Tove-Forsstro\u0308m_Nikkarit_12032020-04950.jpg\"><img loading=\"lazy\" decoding=\"async\" class=\"alignright wp-image-3623\" src=\"https:\/\/kyminnikkarit.fi\/wp-content\/uploads\/2021\/01\/Tove-Forsstro\u0308m-Tove-Forsstro\u0308m_Nikkarit_12032020-04950-300x218.jpg\" alt=\"\" width=\"409\" height=\"297\" srcset=\"https:\/\/kyminnikkarit.fi\/wp-content\/uploads\/2021\/01\/Tove-Forsstro\u0308m-Tove-Forsstro\u0308m_Nikkarit_12032020-04950-300x218.jpg 300w, https:\/\/kyminnikkarit.fi\/wp-content\/uploads\/2021\/01\/Tove-Forsstro\u0308m-Tove-Forsstro\u0308m_Nikkarit_12032020-04950-768x557.jpg 768w, https:\/\/kyminnikkarit.fi\/wp-content\/uploads\/2021\/01\/Tove-Forsstro\u0308m-Tove-Forsstro\u0308m_Nikkarit_12032020-04950-1024x743.jpg 1024w, https:\/\/kyminnikkarit.fi\/wp-content\/uploads\/2021\/01\/Tove-Forsstro\u0308m-Tove-Forsstro\u0308m_Nikkarit_12032020-04950.jpg 1200w\" sizes=\"auto, (max-width: 409px) 85vw, 409px\" \/><\/a><\/p>\n<p>&nbsp;<\/p>\n<p>&nbsp;<\/p>\n<p>&nbsp;<\/p>\n<p>&nbsp;<\/p>\n<p>&nbsp;<\/p>\n<figure id=\"attachment_3637\" aria-describedby=\"caption-attachment-3637\" style=\"width: 328px\" class=\"wp-caption alignleft\"><a href=\"https:\/\/kyminnikkarit.fi\/wp-content\/uploads\/2021\/01\/IMG_3119-1.jpg\"><img loading=\"lazy\" decoding=\"async\" class=\"wp-image-3637\" src=\"https:\/\/kyminnikkarit.fi\/wp-content\/uploads\/2021\/01\/IMG_3119-1-221x300.jpg\" alt=\"\" width=\"328\" height=\"445\" srcset=\"https:\/\/kyminnikkarit.fi\/wp-content\/uploads\/2021\/01\/IMG_3119-1-221x300.jpg 221w, https:\/\/kyminnikkarit.fi\/wp-content\/uploads\/2021\/01\/IMG_3119-1-768x1044.jpg 768w, https:\/\/kyminnikkarit.fi\/wp-content\/uploads\/2021\/01\/IMG_3119-1-753x1024.jpg 753w, https:\/\/kyminnikkarit.fi\/wp-content\/uploads\/2021\/01\/IMG_3119-1.jpg 1000w\" sizes=\"auto, (max-width: 328px) 85vw, 328px\" \/><\/a><figcaption id=\"caption-attachment-3637\" class=\"wp-caption-text\">Nukkis-ryhm\u00e4n n\u00e4yttely poiki kes\u00e4ksi kaksi lis\u00e4n\u00e4yttely\u00e4. Lumottu mets\u00e4 oli kes\u00e4n Pato Areenalla ja syksyn Puolakan talomuseolla.<\/figcaption><\/figure>\n<p><a href=\"https:\/\/kyminnikkarit.fi\/wp-content\/uploads\/2021\/01\/Petri-Laitakari-petri.laitakari.2AS09243.jpg\"><img loading=\"lazy\" decoding=\"async\" class=\"wp-image-3639 alignright\" src=\"https:\/\/kyminnikkarit.fi\/wp-content\/uploads\/2021\/01\/Petri-Laitakari-petri.laitakari.2AS09243-208x300.jpg\" alt=\"\" width=\"269\" height=\"388\" srcset=\"https:\/\/kyminnikkarit.fi\/wp-content\/uploads\/2021\/01\/Petri-Laitakari-petri.laitakari.2AS09243-208x300.jpg 208w, https:\/\/kyminnikkarit.fi\/wp-content\/uploads\/2021\/01\/Petri-Laitakari-petri.laitakari.2AS09243-768x1107.jpg 768w, https:\/\/kyminnikkarit.fi\/wp-content\/uploads\/2021\/01\/Petri-Laitakari-petri.laitakari.2AS09243-710x1024.jpg 710w, https:\/\/kyminnikkarit.fi\/wp-content\/uploads\/2021\/01\/Petri-Laitakari-petri.laitakari.2AS09243-1200x1730.jpg 1200w, https:\/\/kyminnikkarit.fi\/wp-content\/uploads\/2021\/01\/Petri-Laitakari-petri.laitakari.2AS09243.jpg 1600w\" sizes=\"auto, (max-width: 269px) 85vw, 269px\" \/><\/a><\/p>\n<p>&nbsp;<\/p>\n<p>&nbsp;<\/p>\n<p>&nbsp;<\/p>\n<p>&nbsp;<\/p>\n<p>&nbsp;<\/p>\n<p>&nbsp;<\/p>\n<p>&nbsp;<\/p>\n<p>&nbsp;<\/p>\n<p>&nbsp;<\/p>\n<p>&nbsp;<\/p>\n<p><em><strong>Nikkarit 2020<\/strong><\/em><\/p>\n<figure id=\"attachment_2680\" aria-describedby=\"caption-attachment-2680\" style=\"width: 382px\" class=\"wp-caption alignright\"><img loading=\"lazy\" decoding=\"async\" class=\"wp-image-2680\" src=\"https:\/\/kyminnikkarit.fi\/wp-content\/uploads\/2018\/03\/Ryhma\u0308-Kolilla-23.9.2017-1024x768.jpg\" alt=\"\" width=\"382\" height=\"286\" srcset=\"https:\/\/kyminnikkarit.fi\/wp-content\/uploads\/2018\/03\/Ryhma\u0308-Kolilla-23.9.2017-1024x768.jpg 1024w, https:\/\/kyminnikkarit.fi\/wp-content\/uploads\/2018\/03\/Ryhma\u0308-Kolilla-23.9.2017-300x225.jpg 300w, https:\/\/kyminnikkarit.fi\/wp-content\/uploads\/2018\/03\/Ryhma\u0308-Kolilla-23.9.2017-768x576.jpg 768w, https:\/\/kyminnikkarit.fi\/wp-content\/uploads\/2018\/03\/Ryhma\u0308-Kolilla-23.9.2017-1200x900.jpg 1200w, https:\/\/kyminnikkarit.fi\/wp-content\/uploads\/2018\/03\/Ryhma\u0308-Kolilla-23.9.2017.jpg 1600w\" sizes=\"auto, (max-width: 382px) 85vw, 382px\" \/><figcaption id=\"caption-attachment-2680\" class=\"wp-caption-text\"><em>Koli tarjosi upeat maisemat Nikkarin virkistysretkelle 2017<\/em><\/figcaption><\/figure>\n<p><em>Kulttuuritoiminta on jatkunut vahvana. Vuosittain reilut parisataa henkil\u00f6\u00e4 osallistuu retkiin ja tapahtumiin. Tapahtumia odotetaan ja paikat t\u00e4yttyv\u00e4t todella nopeasti. Kulttuuri ja k\u00e4dentaidot ovat hyv\u00e4 yhdistelm\u00e4, jotka tuovat mielenvireytt\u00e4 ja sosiaalista kanssa k\u00e4ymist\u00e4. Kulttuurijaosto on toiminut ansiokkaasti ja on ollut avain asemassa yhteisty\u00f6ss\u00e4 Kymin Osakeyhti\u00f6n 100-vuotiss\u00e4\u00e4ti\u00f6n kanssa. Jaoston toiminnassa 2019 tapahtui henkil\u00f6vaihdoksia.&nbsp;<\/em><\/p>\n<p><em>Alusta alkaen toimintaa py\u00f6ritt\u00e4nyt Eine Hasari j\u00e4i pois ja Sari Yl\u00f6nen otti vetovastuun. My\u00f6s koko ryhm\u00e4\u00e4 vahvistettiin ja n\u00e4in saimme uutta virtaa toimintaan. Vuosi 2020 kohteli kaltoin kulttuuria. Tapahtumat peruttiin tai siirtyiv\u00e4t seuraavalle vuodelle<\/em><\/p>\n<p><img loading=\"lazy\" decoding=\"async\" class=\"alignright wp-image-3638\" src=\"https:\/\/kyminnikkarit.fi\/wp-content\/uploads\/2021\/01\/IMG_3347-300x227.jpg\" alt=\"\" width=\"284\" height=\"215\" srcset=\"https:\/\/kyminnikkarit.fi\/wp-content\/uploads\/2021\/01\/IMG_3347-300x227.jpg 300w, https:\/\/kyminnikkarit.fi\/wp-content\/uploads\/2021\/01\/IMG_3347-768x580.jpg 768w, https:\/\/kyminnikkarit.fi\/wp-content\/uploads\/2021\/01\/IMG_3347-1024x773.jpg 1024w, https:\/\/kyminnikkarit.fi\/wp-content\/uploads\/2021\/01\/IMG_3347.jpg 1200w\" sizes=\"auto, (max-width: 284px) 85vw, 284px\" \/><\/p>\n<p><em>Puupajan k\u00e4ytt\u00f6aste on ollut hyv\u00e4ll\u00e4 tasolla. Tiloihin ja laitteisiin on panostettu ja panostetaanjatkossakin. Hyv\u00e4t ja toimivat laitteet ovat toiminnan kannalta t\u00e4rkeit\u00e4 ja oma kunnossapito on taannut niiden toiminnan. Kurssitoiminta on ollut vahvaa ja syksyll\u00e4 2020 j\u00e4rjetty s\u00e4hk\u00f6kitaranvalmistuskurssi oli ensimm\u00e4inen koko kauden kest\u00e4nyt tapahtuma. Kurssi sai hyv\u00e4n suosion ja kev\u00e4\u00e4ll\u00e4 2021 j\u00e4rjestet\u00e4\u00e4n toinen kurssi<\/em><\/p>\n<p><em>Kutomon toimintaa voisi kuvailla \u201d tasaiseksi\u201d. Kudonta ei ole saanut mit\u00e4\u00e4n suurta innostusta, mutta tasaisesti kutojia on ollut ja uusia kutojia on tullut mukaan toimintaan.&nbsp;Olemme muokanneet kutomon tiloja harrastetoimintaa paremmin sopiviksi ja t\u00e4ll\u00e4 muutoksella olemme saaneet lis\u00e4\u00e4 toimintaa.<\/em><\/p>\n<figure id=\"attachment_3624\" aria-describedby=\"caption-attachment-3624\" style=\"width: 329px\" class=\"wp-caption alignleft\"><a href=\"https:\/\/kyminnikkarit.fi\/wp-content\/uploads\/2021\/01\/kuva3.jpg\"><img loading=\"lazy\" decoding=\"async\" class=\"wp-image-3624\" src=\"https:\/\/kyminnikkarit.fi\/wp-content\/uploads\/2021\/01\/kuva3-300x242.jpg\" alt=\"\" width=\"329\" height=\"265\" srcset=\"https:\/\/kyminnikkarit.fi\/wp-content\/uploads\/2021\/01\/kuva3-300x242.jpg 300w, https:\/\/kyminnikkarit.fi\/wp-content\/uploads\/2021\/01\/kuva3-768x620.jpg 768w, https:\/\/kyminnikkarit.fi\/wp-content\/uploads\/2021\/01\/kuva3-1024x827.jpg 1024w, https:\/\/kyminnikkarit.fi\/wp-content\/uploads\/2021\/01\/kuva3.jpg 1200w\" sizes=\"auto, (max-width: 329px) 85vw, 329px\" \/><\/a><figcaption id=\"caption-attachment-3624\" class=\"wp-caption-text\"><em>2017 veistettiin puureliefi s\u00e4\u00e4ti\u00f6n&nbsp; 45-toimintavuoden kunniaksi.<\/em><\/figcaption><\/figure>\n<p><em>Kymin Osakeyhti\u00f6n 100-vuotiss\u00e4\u00e4ti\u00f6n tuella olemme pystyneet yll\u00e4pit\u00e4m\u00e4\u00e4n vire\u00e4\u00e4 toimintaa joissa p\u00e4\u00e4paino on ollut ja on jatkossakin lapset ja perheiden yhteiset tapahtumat.&nbsp;<\/em><\/p>\n<p><em>Tuki on mahdollistanut kurssitoiminnan ja vire\u00e4n kulttuuritoiminan sek\u00e4 yhdistyken kehitt\u00e4misen ja antanut n\u00e4in hyv\u00e4n pohjan toiminnan jatkumiselle.<\/em><\/p>\n<p><a href=\"https:\/\/kyminnikkarit.fi\/wp-content\/uploads\/2021\/01\/kuva5.jpg\"><img loading=\"lazy\" decoding=\"async\" class=\" wp-image-3633 alignright\" src=\"https:\/\/kyminnikkarit.fi\/wp-content\/uploads\/2021\/01\/kuva5-300x249.jpg\" alt=\"\" width=\"401\" height=\"333\" srcset=\"https:\/\/kyminnikkarit.fi\/wp-content\/uploads\/2021\/01\/kuva5-300x249.jpg 300w, https:\/\/kyminnikkarit.fi\/wp-content\/uploads\/2021\/01\/kuva5-768x637.jpg 768w, https:\/\/kyminnikkarit.fi\/wp-content\/uploads\/2021\/01\/kuva5-1024x849.jpg 1024w, https:\/\/kyminnikkarit.fi\/wp-content\/uploads\/2021\/01\/kuva5.jpg 1200w\" sizes=\"auto, (max-width: 401px) 85vw, 401px\" \/><\/a><\/p>\n<p><em>Yhdistys&nbsp;on vakiintunut reilun 300 j\u00e4senen yhdistykseksi ja vuosittainen vaihtuvuutta on ollut noin 10 % Uudet j\u00e4senet ovat p\u00e4\u00e4osin \u201d tehtaan\u201d ulkopuolelta. T\u00e4st\u00e4 \u201dtehtaalaisten kerhon\u201d imagosta on ollut tosin vaikea p\u00e4\u00e4st\u00e4 irti. Vahvana el\u00e4\u00e4 k\u00e4sitys, ettei toimintaan p\u00e4\u00e4se mukaan, kun tehtaalaiset. Yhdistyksen nimell\u00e4, Kymin Nikkarit, voi olla oma merkitys asialle. Tapahtumat ja tiedotus ovat kanavia, jolla olemme pyrkineet murtamaan t\u00e4t\u00e4 k\u00e4sityst\u00e4. T\u00e4t\u00e4 varten avasimme Facebook-sivut 2016 ja Instagram-tili 2019. Sosiaalisessa mediassa korostetaan avointa toimintaa ja tuodaksemme esille j\u00e4senten tekemi\u00e4 hienoja k\u00e4dentaitot\u00f6it\u00e4.<\/em><\/p>\n<p><em>Vaikka vuosia tulee lis\u00e4\u00e4 niin yhdistykselle kun tekij\u00f6ille, niin talkooty\u00f6 el\u00e4\u00e4 vahvana. Ilman aktiivista j\u00e4senist\u00f6\u00e4 toimintaa olisi vaikea toteuttaa. Vuosi 2021 tuo uutta toimintaa k\u00e4dentaitojen pariin. Pohjois-Kymen Korukivikerho siirtyy Nikkarin tiloihin. Kerho jatkaa omana yhdistyksen\u00e4. Heid\u00e4n toiminta luo uusia mahdollisuuksia k\u00e4dentaitajille ja varmasti yhteisty\u00f6t\u00e4 Nikkarien kanssa.<\/em><\/p>\n<p>Uusi vuosikymmen toikin sitten &#8221; koronan &#8221; tullessaan ja toimintaa jouduttiin rajoittamaan. Harrastetilat oli suljettuna kev\u00e4\u00e4n 2020 ja viel\u00e4 syksyll\u00e4 tuli muutoksia. Samoin 2021 tuli siirtoja ja muutoksia toimintaan.&nbsp; Kulttuuritapahtumat&nbsp; jouduttiin perumaan ja osallistuminen&nbsp; hiipui&nbsp; tauti tilanteen vuoksi.&nbsp; Kiinnostus osallistua&nbsp; tapahtumiin&nbsp; palautui&nbsp; vasta&nbsp; vuonna&nbsp; 2023.&nbsp; 2023 tapahtumia olikin sitten runsaasti, kun paikattiin siirtyneit\u00e4 tapahtumia. Syysretki Vaasan seudulle ja vierailu Str\u00f6ms\u00f6ss\u00e4&nbsp; oli vuoden 2023 tapahtumista.<\/p>\n<p><a href=\"https:\/\/kyminnikkarit.fi\/wp-content\/uploads\/2024\/01\/stromso.jpg\"><img loading=\"lazy\" decoding=\"async\" class=\"alignleft size-large wp-image-4432\" src=\"https:\/\/kyminnikkarit.fi\/wp-content\/uploads\/2024\/01\/stromso-1024x662.jpg\" alt=\"\" width=\"525\" height=\"339\" srcset=\"https:\/\/kyminnikkarit.fi\/wp-content\/uploads\/2024\/01\/stromso-1024x662.jpg 1024w, https:\/\/kyminnikkarit.fi\/wp-content\/uploads\/2024\/01\/stromso-300x194.jpg 300w, https:\/\/kyminnikkarit.fi\/wp-content\/uploads\/2024\/01\/stromso-768x496.jpg 768w, https:\/\/kyminnikkarit.fi\/wp-content\/uploads\/2024\/01\/stromso-1536x993.jpg 1536w, https:\/\/kyminnikkarit.fi\/wp-content\/uploads\/2024\/01\/stromso.jpg 1600w\" sizes=\"auto, (max-width: 525px) 85vw, 525px\" \/><\/a><\/p>\n<p>&nbsp;<\/p>\n<p><a href=\"https:\/\/kyminnikkarit.fi\/wp-content\/uploads\/2024\/01\/kitara.jpg\"><img loading=\"lazy\" decoding=\"async\" class=\"alignright wp-image-4428\" src=\"https:\/\/kyminnikkarit.fi\/wp-content\/uploads\/2024\/01\/kitara-300x225.jpg\" alt=\"\" width=\"343\" height=\"257\" srcset=\"https:\/\/kyminnikkarit.fi\/wp-content\/uploads\/2024\/01\/kitara-300x225.jpg 300w, https:\/\/kyminnikkarit.fi\/wp-content\/uploads\/2024\/01\/kitara-1024x768.jpg 1024w, https:\/\/kyminnikkarit.fi\/wp-content\/uploads\/2024\/01\/kitara-768x576.jpg 768w, https:\/\/kyminnikkarit.fi\/wp-content\/uploads\/2024\/01\/kitara-1536x1152.jpg 1536w, https:\/\/kyminnikkarit.fi\/wp-content\/uploads\/2024\/01\/kitara.jpg 1600w\" sizes=\"auto, (max-width: 343px) 85vw, 343px\" \/><\/a><\/p>\n<p>N\u00e4yttelyn j\u00e4lkeen Nikkarissa her\u00e4si kiinnostus s\u00e4hk\u00f6kitaran rakentamiseen. 2020 pidettiin jo ensimm\u00e4inen kurssi ja sen j\u00e4lkeen kursseja on ollut pari. 2023 kiinnostus jatkui ja nyt nikkaroitiin ryhm\u00e4ss\u00e4. T\u00e4m\u00e4 soitinrakennus innoitti pit\u00e4m\u00e4\u00e4n asian ymp\u00e4rill\u00e4 my\u00f6s teema-p\u00e4ivi\u00e4, jossa vieraili alan ammattilaisia kertomassa rakentamisesta ja jakamassa oppia ja neuvoja.&nbsp;<\/p>\n<p><a href=\"https:\/\/kyminnikkarit.fi\/wp-content\/uploads\/2024\/01\/teemapaiva.jpg\"><img loading=\"lazy\" decoding=\"async\" class=\"alignleft size-large wp-image-4433\" src=\"https:\/\/kyminnikkarit.fi\/wp-content\/uploads\/2024\/01\/teemapaiva-1024x768.jpg\" alt=\"\" width=\"525\" height=\"394\" srcset=\"https:\/\/kyminnikkarit.fi\/wp-content\/uploads\/2024\/01\/teemapaiva-1024x768.jpg 1024w, https:\/\/kyminnikkarit.fi\/wp-content\/uploads\/2024\/01\/teemapaiva-300x225.jpg 300w, https:\/\/kyminnikkarit.fi\/wp-content\/uploads\/2024\/01\/teemapaiva-768x576.jpg 768w, https:\/\/kyminnikkarit.fi\/wp-content\/uploads\/2024\/01\/teemapaiva-1536x1152.jpg 1536w, https:\/\/kyminnikkarit.fi\/wp-content\/uploads\/2024\/01\/teemapaiva.jpg 1600w\" sizes=\"auto, (max-width: 525px) 85vw, 525px\" \/><\/a><\/p>\n<p>&nbsp;<\/p>\n<p>&nbsp;<\/p>\n<p><em><strong>&nbsp;<\/strong><\/em>Teema-p\u00e4iv\u00e4t veti hyvin v\u00e4ke\u00e4 ja vieraana meill\u00e4 on ollut alan huippuja. Nikkarin kitaranrakennus ryhm\u00e4ss\u00e4 on noin 30 harrastajaa ja oma WhatsApp -ryhm\u00e4 keskustelee vilkkaasti asian tiimoilta. T\u00e4m\u00e4 on tuonut paljon hyv\u00e4\u00e4 Nikkareille. Aihe on mielenkiintoinen ja porukassa on mukava harrastaa.<\/p>\n<p><a href=\"https:\/\/kyminnikkarit.fi\/wp-content\/uploads\/2024\/01\/hahmo.jpg\"><img loading=\"lazy\" decoding=\"async\" class=\"alignleft wp-image-4426 size-medium\" src=\"https:\/\/kyminnikkarit.fi\/wp-content\/uploads\/2024\/01\/hahmo-230x300.jpg\" alt=\"\" width=\"230\" height=\"300\" srcset=\"https:\/\/kyminnikkarit.fi\/wp-content\/uploads\/2024\/01\/hahmo-230x300.jpg 230w, https:\/\/kyminnikkarit.fi\/wp-content\/uploads\/2024\/01\/hahmo-784x1024.jpg 784w, https:\/\/kyminnikkarit.fi\/wp-content\/uploads\/2024\/01\/hahmo-768x1004.jpg 768w, https:\/\/kyminnikkarit.fi\/wp-content\/uploads\/2024\/01\/hahmo-1176x1536.jpg 1176w, https:\/\/kyminnikkarit.fi\/wp-content\/uploads\/2024\/01\/hahmo.jpg 1200w\" sizes=\"auto, (max-width: 230px) 85vw, 230px\" \/><\/a><\/p>\n<p>&nbsp;<\/p>\n<p>Nukkis-ryhm\u00e4 tai oikeimmin Kouvolan Nukkekotiharrastajat on tiivis ja aktiivinen ryhm\u00e4. He ovat askarrelleet hienoja n\u00e4yttely kokonaisuuksia ja pit\u00e4neet kursseja. N\u00e4yttelyiss\u00e4 olemme tuoneet esille my\u00f6s koko yhdistyksen toimintaa.<\/p>\n<p>Toiminta on saanut hyvin n\u00e4kyvyytt\u00e4 valtakunnallisesti ja ryhm\u00e4 onkin saanut uusia harrastajia mukaan.<\/p>\n<p><a href=\"https:\/\/kyminnikkarit.fi\/wp-content\/uploads\/2024\/01\/nukkis.jpg\"><img loading=\"lazy\" decoding=\"async\" class=\"aligncenter size-full wp-image-4430\" src=\"https:\/\/kyminnikkarit.fi\/wp-content\/uploads\/2024\/01\/nukkis.jpg\" alt=\"\" width=\"1600\" height=\"1188\" srcset=\"https:\/\/kyminnikkarit.fi\/wp-content\/uploads\/2024\/01\/nukkis.jpg 1600w, https:\/\/kyminnikkarit.fi\/wp-content\/uploads\/2024\/01\/nukkis-300x223.jpg 300w, https:\/\/kyminnikkarit.fi\/wp-content\/uploads\/2024\/01\/nukkis-1024x760.jpg 1024w, https:\/\/kyminnikkarit.fi\/wp-content\/uploads\/2024\/01\/nukkis-768x570.jpg 768w, https:\/\/kyminnikkarit.fi\/wp-content\/uploads\/2024\/01\/nukkis-1536x1140.jpg 1536w\" sizes=\"auto, (max-width: 709px) 85vw, (max-width: 909px) 67vw, (max-width: 1362px) 62vw, 840px\" \/><\/a><\/p>\n<p>2023 Korukivikerhon kanssa j\u00e4rjestetty kurssi, jossa valmistettiin aito hopeinen kakkulapio miniatyyri koossa tietenkin.<\/p>\n<p>Parina viime vuonna kutomolla on ollut kehruu&amp;rukki-kursseja, joissa on opittu perinteist\u00e4 kehruuta. Kasviv\u00e4rj\u00e4ys oli my\u00f6s yhten\u00e4 aiheena vuoden 2023 ohjelmassa.&nbsp; Kutomon muu toiminta on ollut v\u00e4h\u00e4isemp\u00e4\u00e4, perinteinen &#8221;r\u00e4symatto&#8221; kudonta hiljentynyt. Kutomolle on saatu lahjoituksen muutamat uudemmat puut, joten v\u00e4lineet on olemassa monenlaisille kudonta t\u00f6ille.<\/p>\n<p>&nbsp;<\/p>\n<p><a href=\"https:\/\/kyminnikkarit.fi\/wp-content\/uploads\/2024\/01\/PHOTO-2022-05-14-15-34-05-3.jpg\"><img loading=\"lazy\" decoding=\"async\" class=\"aligncenter size-full wp-image-4435\" src=\"https:\/\/kyminnikkarit.fi\/wp-content\/uploads\/2024\/01\/PHOTO-2022-05-14-15-34-05-3.jpg\" alt=\"\" width=\"1024\" height=\"768\" srcset=\"https:\/\/kyminnikkarit.fi\/wp-content\/uploads\/2024\/01\/PHOTO-2022-05-14-15-34-05-3.jpg 1024w, https:\/\/kyminnikkarit.fi\/wp-content\/uploads\/2024\/01\/PHOTO-2022-05-14-15-34-05-3-300x225.jpg 300w, https:\/\/kyminnikkarit.fi\/wp-content\/uploads\/2024\/01\/PHOTO-2022-05-14-15-34-05-3-768x576.jpg 768w\" sizes=\"auto, (max-width: 709px) 85vw, (max-width: 909px) 67vw, (max-width: 1362px) 62vw, 840px\" \/><\/a><\/p>\n<p><a href=\"https:\/\/kyminnikkarit.fi\/wp-content\/uploads\/2024\/01\/kauhat.jpg\"><img loading=\"lazy\" decoding=\"async\" class=\"alignright size-medium wp-image-4427\" src=\"https:\/\/kyminnikkarit.fi\/wp-content\/uploads\/2024\/01\/kauhat-300x208.jpg\" alt=\"\" width=\"300\" height=\"208\" srcset=\"https:\/\/kyminnikkarit.fi\/wp-content\/uploads\/2024\/01\/kauhat-300x208.jpg 300w, https:\/\/kyminnikkarit.fi\/wp-content\/uploads\/2024\/01\/kauhat-1024x710.jpg 1024w, https:\/\/kyminnikkarit.fi\/wp-content\/uploads\/2024\/01\/kauhat-768x532.jpg 768w, https:\/\/kyminnikkarit.fi\/wp-content\/uploads\/2024\/01\/kauhat-1536x1065.jpg 1536w, https:\/\/kyminnikkarit.fi\/wp-content\/uploads\/2024\/01\/kauhat.jpg 1600w\" sizes=\"auto, (max-width: 300px) 85vw, 300px\" \/><\/a><\/p>\n<p>Vaikka uutta on opittu ja puupajalle on investoitu uusiin laitteisiin ei perinteist\u00e4 k\u00e4dentaitoa ole unohdettu.<\/p>\n<p>2024 tulee kuluneeksi 15 vuotta yhdistyksen perustamisesta. Eik\u00f6h\u00e4n me sit\u00e4 jotenkin juhlisteta ja saada jotain n\u00e4kyv\u00e4\u00e4 aikaiseksi.<\/p>\n<p>Terveisin Jussi Haapala<\/p>\n<p><em>Kymin Nikkarit on kiinnostunut harrastetoiminnan historiasta Kuusankoskella ja mik\u00e4li sinulla on valokuvia tai tietoja toiminnasta, ota yhteytt\u00e4 <a href=\"mailto:juhani.haapala@pp1.inet.fi\"><u>jussihaapala59@gmail.com<\/u><\/a> tai kommentoi juttua.<\/em><\/p>\n<p><em>L\u00e4hteet:&nbsp;<\/em><\/p>\n<p><em>Tekstit; J\u00e4senten haastattelut, Vanhan Nikkarin arkistot Uutiskymi, Nikkarin toimintakertomukset. Kuvat j\u00e4senten arkistoista.<\/em><\/p>\n<p>&nbsp;<\/p>\n","protected":false},"excerpt":{"rendered":"<p>Vaikka Kymin Nikkarin historia on viel\u00e4 nuori, niin harrastetoiminnalla on pitk\u00e4t perinteet. Kuusankoskella kuin monella muullakin paikkakunnalla on tehdas tarjonnut monenlaista harrastetoimintaa. Nyt niist\u00e4 on jouduttu luopumaan &#8211; toki muutos synnytti uutta. Kuusankoskella on tehtaiden piiriss\u00e4 ollut pitk\u00e4t perinteet puuty\u00f6lle. Entisin\u00e4 aikoina tehtaiden rakennusosastot ty\u00f6llistiv\u00e4t useita satoja rakennusmiehi\u00e4 ja er\u00e4s ammattikunta oli mallipuusep\u00e4t. Heid\u00e4n k\u00e4sien &hellip; <a href=\"https:\/\/kyminnikkarit.fi\/?page_id=51\" class=\"more-link\">Jatka lukemista<span class=\"screen-reader-text\"> &#8221;Historia&#8221;<\/span><\/a><\/p>\n","protected":false},"author":1,"featured_media":0,"parent":15,"menu_order":1,"comment_status":"open","ping_status":"closed","template":"","meta":{"footnotes":""},"class_list":["post-51","page","type-page","status-publish","hentry"],"_links":{"self":[{"href":"https:\/\/kyminnikkarit.fi\/index.php?rest_route=\/wp\/v2\/pages\/51","targetHints":{"allow":["GET"]}}],"collection":[{"href":"https:\/\/kyminnikkarit.fi\/index.php?rest_route=\/wp\/v2\/pages"}],"about":[{"href":"https:\/\/kyminnikkarit.fi\/index.php?rest_route=\/wp\/v2\/types\/page"}],"author":[{"embeddable":true,"href":"https:\/\/kyminnikkarit.fi\/index.php?rest_route=\/wp\/v2\/users\/1"}],"replies":[{"embeddable":true,"href":"https:\/\/kyminnikkarit.fi\/index.php?rest_route=%2Fwp%2Fv2%2Fcomments&post=51"}],"version-history":[{"count":89,"href":"https:\/\/kyminnikkarit.fi\/index.php?rest_route=\/wp\/v2\/pages\/51\/revisions"}],"predecessor-version":[{"id":4444,"href":"https:\/\/kyminnikkarit.fi\/index.php?rest_route=\/wp\/v2\/pages\/51\/revisions\/4444"}],"up":[{"embeddable":true,"href":"https:\/\/kyminnikkarit.fi\/index.php?rest_route=\/wp\/v2\/pages\/15"}],"wp:attachment":[{"href":"https:\/\/kyminnikkarit.fi\/index.php?rest_route=%2Fwp%2Fv2%2Fmedia&parent=51"}],"curies":[{"name":"wp","href":"https:\/\/api.w.org\/{rel}","templated":true}]}}